{"id":252,"date":"2021-12-08T14:46:31","date_gmt":"2021-12-08T13:46:31","guid":{"rendered":"https:\/\/gastroservice-werner.de\/?page_id=252"},"modified":"2022-01-03T19:03:05","modified_gmt":"2022-01-03T18:03:05","slug":"bildergalerie","status":"publish","type":"page","link":"https:\/\/gastroservice-werner.de\/index.php\/bildergalerie\/","title":{"rendered":"Bildergalerie"},"content":{"rendered":"\n<div class=\"wp-block-themeisle-blocks-advanced-columns has-1-columns has-desktop-equal-layout has-tablet-equal-layout has-mobile-equal-layout has-nogap-gap has-vertical-unset\" id=\"wp-block-themeisle-blocks-advanced-columns-331a876b\"><div class=\"wp-block-themeisle-blocks-advanced-columns-overlay\"><\/div><div class=\"innerblocks-wrap\">\n<div class=\"wp-block-themeisle-blocks-advanced-column\" id=\"wp-block-themeisle-blocks-advanced-column-11d1e3eb\">\n<figure class=\"wp-block-gallery columns-3 is-cropped wp-block-gallery-1 is-layout-flex wp-block-gallery-is-layout-flex\"><ul class=\"blocks-gallery-grid\"><li class=\"blocks-gallery-item\"><figure><img loading=\"lazy\" decoding=\"async\" width=\"1024\" height=\"768\" src=\"https:\/\/gastroservice-werner.de\/wp-content\/uploads\/2022\/01\/P1040759-1024x768.jpg\" alt=\"\" data-id=\"460\" data-full-url=\"https:\/\/gastroservice-werner.de\/wp-content\/uploads\/2022\/01\/P1040759-scaled.jpg\" data-link=\"https:\/\/gastroservice-werner.de\/index.php\/bildergalerie\/p1040759\/\" class=\"wp-image-460\" srcset=\"https:\/\/gastroservice-werner.de\/wp-content\/uploads\/2022\/01\/P1040759-1024x768.jpg 1024w, https:\/\/gastroservice-werner.de\/wp-content\/uploads\/2022\/01\/P1040759-300x225.jpg 300w, https:\/\/gastroservice-werner.de\/wp-content\/uploads\/2022\/01\/P1040759-768x576.jpg 768w, https:\/\/gastroservice-werner.de\/wp-content\/uploads\/2022\/01\/P1040759-1536x1152.jpg 1536w, https:\/\/gastroservice-werner.de\/wp-content\/uploads\/2022\/01\/P1040759-2048x1536.jpg 2048w\" sizes=\"auto, (max-width: 1024px) 100vw, 1024px\" \/><\/figure><\/li><li class=\"blocks-gallery-item\"><figure><img loading=\"lazy\" decoding=\"async\" width=\"1024\" height=\"884\" src=\"https:\/\/gastroservice-werner.de\/wp-content\/uploads\/2022\/01\/P1010983-1024x884.jpg\" alt=\"\" data-id=\"451\" data-full-url=\"https:\/\/gastroservice-werner.de\/wp-content\/uploads\/2022\/01\/P1010983-scaled.jpg\" data-link=\"https:\/\/gastroservice-werner.de\/index.php\/bildergalerie\/p1010983\/\" class=\"wp-image-451\" srcset=\"https:\/\/gastroservice-werner.de\/wp-content\/uploads\/2022\/01\/P1010983-1024x884.jpg 1024w, https:\/\/gastroservice-werner.de\/wp-content\/uploads\/2022\/01\/P1010983-300x259.jpg 300w, https:\/\/gastroservice-werner.de\/wp-content\/uploads\/2022\/01\/P1010983-768x663.jpg 768w, https:\/\/gastroservice-werner.de\/wp-content\/uploads\/2022\/01\/P1010983-1536x1326.jpg 1536w, https:\/\/gastroservice-werner.de\/wp-content\/uploads\/2022\/01\/P1010983-2048x1768.jpg 2048w\" sizes=\"auto, (max-width: 1024px) 100vw, 1024px\" \/><\/figure><\/li><li class=\"blocks-gallery-item\"><figure><img loading=\"lazy\" decoding=\"async\" width=\"1024\" height=\"683\" src=\"https:\/\/gastroservice-werner.de\/wp-content\/uploads\/2022\/01\/P1010982-1024x683.jpg\" alt=\"\" data-id=\"450\" data-full-url=\"https:\/\/gastroservice-werner.de\/wp-content\/uploads\/2022\/01\/P1010982-scaled.jpg\" data-link=\"https:\/\/gastroservice-werner.de\/index.php\/bildergalerie\/p1010982\/\" class=\"wp-image-450\" srcset=\"https:\/\/gastroservice-werner.de\/wp-content\/uploads\/2022\/01\/P1010982-1024x683.jpg 1024w, https:\/\/gastroservice-werner.de\/wp-content\/uploads\/2022\/01\/P1010982-300x200.jpg 300w, https:\/\/gastroservice-werner.de\/wp-content\/uploads\/2022\/01\/P1010982-768x512.jpg 768w, https:\/\/gastroservice-werner.de\/wp-content\/uploads\/2022\/01\/P1010982-1536x1024.jpg 1536w, https:\/\/gastroservice-werner.de\/wp-content\/uploads\/2022\/01\/P1010982-2048x1365.jpg 2048w\" sizes=\"auto, (max-width: 1024px) 100vw, 1024px\" \/><\/figure><\/li><li class=\"blocks-gallery-item\"><figure><img loading=\"lazy\" decoding=\"async\" width=\"1024\" height=\"973\" src=\"https:\/\/gastroservice-werner.de\/wp-content\/uploads\/2022\/01\/255_KuecheDesign_Eroeffnung_Tag1-2-1024x973.jpg\" alt=\"\" data-id=\"414\" data-full-url=\"https:\/\/gastroservice-werner.de\/wp-content\/uploads\/2022\/01\/255_KuecheDesign_Eroeffnung_Tag1-2-scaled.jpg\" data-link=\"https:\/\/gastroservice-werner.de\/index.php\/bildergalerie\/255_kuechedesign_eroeffnung_tag1-2\/\" class=\"wp-image-414\" srcset=\"https:\/\/gastroservice-werner.de\/wp-content\/uploads\/2022\/01\/255_KuecheDesign_Eroeffnung_Tag1-2-1024x973.jpg 1024w, https:\/\/gastroservice-werner.de\/wp-content\/uploads\/2022\/01\/255_KuecheDesign_Eroeffnung_Tag1-2-300x285.jpg 300w, https:\/\/gastroservice-werner.de\/wp-content\/uploads\/2022\/01\/255_KuecheDesign_Eroeffnung_Tag1-2-768x730.jpg 768w, https:\/\/gastroservice-werner.de\/wp-content\/uploads\/2022\/01\/255_KuecheDesign_Eroeffnung_Tag1-2-1536x1459.jpg 1536w, https:\/\/gastroservice-werner.de\/wp-content\/uploads\/2022\/01\/255_KuecheDesign_Eroeffnung_Tag1-2-2048x1946.jpg 2048w\" sizes=\"auto, (max-width: 1024px) 100vw, 1024px\" \/><figcaption class=\"blocks-gallery-item__caption\">B\u00fcfett bei einer Er\u00f6ffnung<\/figcaption><\/figure><\/li><li class=\"blocks-gallery-item\"><figure><img loading=\"lazy\" decoding=\"async\" width=\"1024\" height=\"655\" src=\"https:\/\/gastroservice-werner.de\/wp-content\/uploads\/2022\/01\/244_KuecheDesign_Eroeffnung_Tag1-2-1024x655.jpg\" alt=\"\" data-id=\"413\" data-full-url=\"https:\/\/gastroservice-werner.de\/wp-content\/uploads\/2022\/01\/244_KuecheDesign_Eroeffnung_Tag1-2-scaled.jpg\" data-link=\"https:\/\/gastroservice-werner.de\/index.php\/bildergalerie\/244_kuechedesign_eroeffnung_tag1-2\/\" class=\"wp-image-413\" srcset=\"https:\/\/gastroservice-werner.de\/wp-content\/uploads\/2022\/01\/244_KuecheDesign_Eroeffnung_Tag1-2-1024x655.jpg 1024w, https:\/\/gastroservice-werner.de\/wp-content\/uploads\/2022\/01\/244_KuecheDesign_Eroeffnung_Tag1-2-300x192.jpg 300w, https:\/\/gastroservice-werner.de\/wp-content\/uploads\/2022\/01\/244_KuecheDesign_Eroeffnung_Tag1-2-768x491.jpg 768w, https:\/\/gastroservice-werner.de\/wp-content\/uploads\/2022\/01\/244_KuecheDesign_Eroeffnung_Tag1-2-1536x982.jpg 1536w, https:\/\/gastroservice-werner.de\/wp-content\/uploads\/2022\/01\/244_KuecheDesign_Eroeffnung_Tag1-2-2048x1310.jpg 2048w\" sizes=\"auto, (max-width: 1024px) 100vw, 1024px\" \/><figcaption class=\"blocks-gallery-item__caption\">B\u00fcfett bei einer Er\u00f6ffnung<\/figcaption><\/figure><\/li><li class=\"blocks-gallery-item\"><figure><img loading=\"lazy\" decoding=\"async\" width=\"1024\" height=\"683\" src=\"https:\/\/gastroservice-werner.de\/wp-content\/uploads\/2022\/01\/290_KuecheDesign_Eroeffnung_Tag1-1024x683.jpg\" alt=\"Dessertvarianten\" data-id=\"415\" data-full-url=\"https:\/\/gastroservice-werner.de\/wp-content\/uploads\/2022\/01\/290_KuecheDesign_Eroeffnung_Tag1-scaled.jpg\" data-link=\"https:\/\/gastroservice-werner.de\/index.php\/bildergalerie\/290_kuechedesign_eroeffnung_tag1\/\" class=\"wp-image-415\" srcset=\"https:\/\/gastroservice-werner.de\/wp-content\/uploads\/2022\/01\/290_KuecheDesign_Eroeffnung_Tag1-1024x683.jpg 1024w, https:\/\/gastroservice-werner.de\/wp-content\/uploads\/2022\/01\/290_KuecheDesign_Eroeffnung_Tag1-300x200.jpg 300w, https:\/\/gastroservice-werner.de\/wp-content\/uploads\/2022\/01\/290_KuecheDesign_Eroeffnung_Tag1-768x513.jpg 768w, https:\/\/gastroservice-werner.de\/wp-content\/uploads\/2022\/01\/290_KuecheDesign_Eroeffnung_Tag1-1536x1025.jpg 1536w, https:\/\/gastroservice-werner.de\/wp-content\/uploads\/2022\/01\/290_KuecheDesign_Eroeffnung_Tag1-2048x1367.jpg 2048w\" sizes=\"auto, (max-width: 1024px) 100vw, 1024px\" \/><figcaption class=\"blocks-gallery-item__caption\">Desservarianten<\/figcaption><\/figure><\/li><\/ul><\/figure>\n<\/div>\n<\/div><\/div>\n\n\n\n<h2 class=\"wp-block-heading\">Dessertvariationen<\/h2>\n\n\n\n<p>St\u00f6bern Sie durch unsere Bildergallerie und lassen sich sich inspirieren. Sie finden hier eine &#8222;kleine&#8220; Auswahl unserer Dessertm\u00f6glichkeiten<\/p>\n\n\n\n<div class=\"wp-block-themeisle-blocks-advanced-columns has-1-columns has-desktop-equal-layout has-tablet-equal-layout has-mobile-equal-layout has-nogap-gap has-vertical-unset\" id=\"wp-block-themeisle-blocks-advanced-columns-7fbf13ee\"><div class=\"wp-block-themeisle-blocks-advanced-columns-overlay\"><\/div><div class=\"innerblocks-wrap\">\n<div class=\"wp-block-themeisle-blocks-advanced-column\" id=\"wp-block-themeisle-blocks-advanced-column-656d6d6b\">\n<figure class=\"wp-block-gallery columns-3 is-cropped wp-block-gallery-2 is-layout-flex wp-block-gallery-is-layout-flex\"><ul class=\"blocks-gallery-grid\"><li class=\"blocks-gallery-item\"><figure><img loading=\"lazy\" decoding=\"async\" width=\"1024\" height=\"683\" src=\"https:\/\/gastroservice-werner.de\/wp-content\/uploads\/2022\/01\/P1010982-1024x683.jpg\" alt=\"\" data-id=\"450\" data-full-url=\"https:\/\/gastroservice-werner.de\/wp-content\/uploads\/2022\/01\/P1010982-scaled.jpg\" data-link=\"https:\/\/gastroservice-werner.de\/index.php\/bildergalerie\/p1010982\/\" class=\"wp-image-450\" srcset=\"https:\/\/gastroservice-werner.de\/wp-content\/uploads\/2022\/01\/P1010982-1024x683.jpg 1024w, https:\/\/gastroservice-werner.de\/wp-content\/uploads\/2022\/01\/P1010982-300x200.jpg 300w, https:\/\/gastroservice-werner.de\/wp-content\/uploads\/2022\/01\/P1010982-768x512.jpg 768w, https:\/\/gastroservice-werner.de\/wp-content\/uploads\/2022\/01\/P1010982-1536x1024.jpg 1536w, https:\/\/gastroservice-werner.de\/wp-content\/uploads\/2022\/01\/P1010982-2048x1365.jpg 2048w\" sizes=\"auto, (max-width: 1024px) 100vw, 1024px\" \/><\/figure><\/li><li class=\"blocks-gallery-item\"><figure><img loading=\"lazy\" decoding=\"async\" width=\"1024\" height=\"683\" src=\"https:\/\/gastroservice-werner.de\/wp-content\/uploads\/2022\/01\/P1010981-1024x683.jpg\" alt=\"\" data-id=\"449\" data-full-url=\"https:\/\/gastroservice-werner.de\/wp-content\/uploads\/2022\/01\/P1010981-scaled.jpg\" data-link=\"https:\/\/gastroservice-werner.de\/index.php\/bildergalerie\/p1010981\/\" class=\"wp-image-449\" srcset=\"https:\/\/gastroservice-werner.de\/wp-content\/uploads\/2022\/01\/P1010981-1024x683.jpg 1024w, https:\/\/gastroservice-werner.de\/wp-content\/uploads\/2022\/01\/P1010981-300x200.jpg 300w, https:\/\/gastroservice-werner.de\/wp-content\/uploads\/2022\/01\/P1010981-768x512.jpg 768w, https:\/\/gastroservice-werner.de\/wp-content\/uploads\/2022\/01\/P1010981-1536x1024.jpg 1536w, https:\/\/gastroservice-werner.de\/wp-content\/uploads\/2022\/01\/P1010981-2048x1365.jpg 2048w\" sizes=\"auto, (max-width: 1024px) 100vw, 1024px\" \/><\/figure><\/li><li class=\"blocks-gallery-item\"><figure><img loading=\"lazy\" decoding=\"async\" width=\"1024\" height=\"815\" src=\"https:\/\/gastroservice-werner.de\/wp-content\/uploads\/2022\/01\/Haselnuss-Parfait-mit-Heiss-Pflaumenkomp-1024x815.jpg\" alt=\"Haselnu\u00df-Parfait mit Hei\u00df-Pflaumenkomp\" data-id=\"441\" data-full-url=\"https:\/\/gastroservice-werner.de\/wp-content\/uploads\/2022\/01\/Haselnuss-Parfait-mit-Heiss-Pflaumenkomp.jpg\" data-link=\"https:\/\/gastroservice-werner.de\/index.php\/bildergalerie\/haselnuss-parfait-mit-heiss-pflaumenkomp\/\" class=\"wp-image-441\" srcset=\"https:\/\/gastroservice-werner.de\/wp-content\/uploads\/2022\/01\/Haselnuss-Parfait-mit-Heiss-Pflaumenkomp-1024x815.jpg 1024w, https:\/\/gastroservice-werner.de\/wp-content\/uploads\/2022\/01\/Haselnuss-Parfait-mit-Heiss-Pflaumenkomp-300x239.jpg 300w, https:\/\/gastroservice-werner.de\/wp-content\/uploads\/2022\/01\/Haselnuss-Parfait-mit-Heiss-Pflaumenkomp-768x611.jpg 768w, https:\/\/gastroservice-werner.de\/wp-content\/uploads\/2022\/01\/Haselnuss-Parfait-mit-Heiss-Pflaumenkomp-1536x1222.jpg 1536w, https:\/\/gastroservice-werner.de\/wp-content\/uploads\/2022\/01\/Haselnuss-Parfait-mit-Heiss-Pflaumenkomp-2048x1629.jpg 2048w\" sizes=\"auto, (max-width: 1024px) 100vw, 1024px\" \/><figcaption class=\"blocks-gallery-item__caption\">Haselnu\u00df-Parfait mit Hei\u00df-Pflaumenkomp<\/figcaption><\/figure><\/li><li class=\"blocks-gallery-item\"><figure><img loading=\"lazy\" decoding=\"async\" width=\"1024\" height=\"683\" src=\"https:\/\/gastroservice-werner.de\/wp-content\/uploads\/2022\/01\/290_KuecheDesign_Eroeffnung_Tag1-1024x683.jpg\" alt=\"Dessertvarianten\" data-id=\"415\" data-full-url=\"https:\/\/gastroservice-werner.de\/wp-content\/uploads\/2022\/01\/290_KuecheDesign_Eroeffnung_Tag1-scaled.jpg\" data-link=\"https:\/\/gastroservice-werner.de\/index.php\/bildergalerie\/290_kuechedesign_eroeffnung_tag1\/\" class=\"wp-image-415\" srcset=\"https:\/\/gastroservice-werner.de\/wp-content\/uploads\/2022\/01\/290_KuecheDesign_Eroeffnung_Tag1-1024x683.jpg 1024w, https:\/\/gastroservice-werner.de\/wp-content\/uploads\/2022\/01\/290_KuecheDesign_Eroeffnung_Tag1-300x200.jpg 300w, https:\/\/gastroservice-werner.de\/wp-content\/uploads\/2022\/01\/290_KuecheDesign_Eroeffnung_Tag1-768x513.jpg 768w, https:\/\/gastroservice-werner.de\/wp-content\/uploads\/2022\/01\/290_KuecheDesign_Eroeffnung_Tag1-1536x1025.jpg 1536w, https:\/\/gastroservice-werner.de\/wp-content\/uploads\/2022\/01\/290_KuecheDesign_Eroeffnung_Tag1-2048x1367.jpg 2048w\" sizes=\"auto, (max-width: 1024px) 100vw, 1024px\" \/><figcaption class=\"blocks-gallery-item__caption\">Desservarianten<\/figcaption><\/figure><\/li><li class=\"blocks-gallery-item\"><figure><img loading=\"lazy\" decoding=\"async\" width=\"1024\" height=\"973\" src=\"https:\/\/gastroservice-werner.de\/wp-content\/uploads\/2022\/01\/255_KuecheDesign_Eroeffnung_Tag1-2-1024x973.jpg\" alt=\"\" data-id=\"414\" data-full-url=\"https:\/\/gastroservice-werner.de\/wp-content\/uploads\/2022\/01\/255_KuecheDesign_Eroeffnung_Tag1-2-scaled.jpg\" data-link=\"https:\/\/gastroservice-werner.de\/index.php\/bildergalerie\/255_kuechedesign_eroeffnung_tag1-2\/\" class=\"wp-image-414\" srcset=\"https:\/\/gastroservice-werner.de\/wp-content\/uploads\/2022\/01\/255_KuecheDesign_Eroeffnung_Tag1-2-1024x973.jpg 1024w, https:\/\/gastroservice-werner.de\/wp-content\/uploads\/2022\/01\/255_KuecheDesign_Eroeffnung_Tag1-2-300x285.jpg 300w, https:\/\/gastroservice-werner.de\/wp-content\/uploads\/2022\/01\/255_KuecheDesign_Eroeffnung_Tag1-2-768x730.jpg 768w, https:\/\/gastroservice-werner.de\/wp-content\/uploads\/2022\/01\/255_KuecheDesign_Eroeffnung_Tag1-2-1536x1459.jpg 1536w, https:\/\/gastroservice-werner.de\/wp-content\/uploads\/2022\/01\/255_KuecheDesign_Eroeffnung_Tag1-2-2048x1946.jpg 2048w\" sizes=\"auto, (max-width: 1024px) 100vw, 1024px\" \/><figcaption class=\"blocks-gallery-item__caption\">B\u00fcfett bei einer Er\u00f6ffnung<\/figcaption><\/figure><\/li><li class=\"blocks-gallery-item\"><figure><img loading=\"lazy\" decoding=\"async\" width=\"1024\" height=\"655\" src=\"https:\/\/gastroservice-werner.de\/wp-content\/uploads\/2022\/01\/244_KuecheDesign_Eroeffnung_Tag1-2-1024x655.jpg\" alt=\"\" data-id=\"413\" data-full-url=\"https:\/\/gastroservice-werner.de\/wp-content\/uploads\/2022\/01\/244_KuecheDesign_Eroeffnung_Tag1-2-scaled.jpg\" data-link=\"https:\/\/gastroservice-werner.de\/index.php\/bildergalerie\/244_kuechedesign_eroeffnung_tag1-2\/\" class=\"wp-image-413\" srcset=\"https:\/\/gastroservice-werner.de\/wp-content\/uploads\/2022\/01\/244_KuecheDesign_Eroeffnung_Tag1-2-1024x655.jpg 1024w, https:\/\/gastroservice-werner.de\/wp-content\/uploads\/2022\/01\/244_KuecheDesign_Eroeffnung_Tag1-2-300x192.jpg 300w, https:\/\/gastroservice-werner.de\/wp-content\/uploads\/2022\/01\/244_KuecheDesign_Eroeffnung_Tag1-2-768x491.jpg 768w, https:\/\/gastroservice-werner.de\/wp-content\/uploads\/2022\/01\/244_KuecheDesign_Eroeffnung_Tag1-2-1536x982.jpg 1536w, https:\/\/gastroservice-werner.de\/wp-content\/uploads\/2022\/01\/244_KuecheDesign_Eroeffnung_Tag1-2-2048x1310.jpg 2048w\" sizes=\"auto, (max-width: 1024px) 100vw, 1024px\" \/><figcaption class=\"blocks-gallery-item__caption\">B\u00fcfett bei einer Er\u00f6ffnung<\/figcaption><\/figure><\/li><li class=\"blocks-gallery-item\"><figure><img loading=\"lazy\" decoding=\"async\" width=\"768\" height=\"1024\" src=\"https:\/\/gastroservice-werner.de\/wp-content\/uploads\/2021\/12\/Suesse-Toertchen-mit-Blaubeeren-oder-mit-Himbeeren-768x1024.jpeg\" alt=\"S\u00fc\u00dfe T\u00f6rtchen mit Blaubeeren oder mit Himbeeren\" data-id=\"350\" data-full-url=\"https:\/\/gastroservice-werner.de\/wp-content\/uploads\/2021\/12\/Suesse-Toertchen-mit-Blaubeeren-oder-mit-Himbeeren.jpeg\" data-link=\"https:\/\/gastroservice-werner.de\/suesse-toertchen-mit-blaubeeren-oder-mit-himbeeren\/\" class=\"wp-image-350\" srcset=\"https:\/\/gastroservice-werner.de\/wp-content\/uploads\/2021\/12\/Suesse-Toertchen-mit-Blaubeeren-oder-mit-Himbeeren-768x1024.jpeg 768w, https:\/\/gastroservice-werner.de\/wp-content\/uploads\/2021\/12\/Suesse-Toertchen-mit-Blaubeeren-oder-mit-Himbeeren-225x300.jpeg 225w, https:\/\/gastroservice-werner.de\/wp-content\/uploads\/2021\/12\/Suesse-Toertchen-mit-Blaubeeren-oder-mit-Himbeeren-1152x1536.jpeg 1152w, https:\/\/gastroservice-werner.de\/wp-content\/uploads\/2021\/12\/Suesse-Toertchen-mit-Blaubeeren-oder-mit-Himbeeren.jpeg 1224w\" sizes=\"auto, (max-width: 768px) 100vw, 768px\" \/><figcaption class=\"blocks-gallery-item__caption\">S\u00fc\u00dfe T\u00f6rtchen mit Blaubeeren oder mit Himbeeren<\/figcaption><\/figure><\/li><li class=\"blocks-gallery-item\"><figure><img loading=\"lazy\" decoding=\"async\" width=\"768\" height=\"1024\" src=\"https:\/\/gastroservice-werner.de\/wp-content\/uploads\/2021\/12\/Suesse-Toertchen-mit-rdbeeren-oder-Creme-Caramell-768x1024.jpeg\" alt=\"S\u00fc\u00dfe T\u00f6rtchen mit rdbeeren oder Creme Caramell\" data-id=\"351\" data-full-url=\"https:\/\/gastroservice-werner.de\/wp-content\/uploads\/2021\/12\/Suesse-Toertchen-mit-rdbeeren-oder-Creme-Caramell.jpeg\" data-link=\"https:\/\/gastroservice-werner.de\/suesse-toertchen-mit-rdbeeren-oder-creme-caramell\/\" class=\"wp-image-351\" srcset=\"https:\/\/gastroservice-werner.de\/wp-content\/uploads\/2021\/12\/Suesse-Toertchen-mit-rdbeeren-oder-Creme-Caramell-768x1024.jpeg 768w, https:\/\/gastroservice-werner.de\/wp-content\/uploads\/2021\/12\/Suesse-Toertchen-mit-rdbeeren-oder-Creme-Caramell-225x300.jpeg 225w, https:\/\/gastroservice-werner.de\/wp-content\/uploads\/2021\/12\/Suesse-Toertchen-mit-rdbeeren-oder-Creme-Caramell-1152x1536.jpeg 1152w, https:\/\/gastroservice-werner.de\/wp-content\/uploads\/2021\/12\/Suesse-Toertchen-mit-rdbeeren-oder-Creme-Caramell.jpeg 1224w\" sizes=\"auto, (max-width: 768px) 100vw, 768px\" \/><figcaption class=\"blocks-gallery-item__caption\">S\u00fc\u00dfe T\u00f6rtchen mit rdbeeren oder Creme Caramell<\/figcaption><\/figure><\/li><li class=\"blocks-gallery-item\"><figure><img loading=\"lazy\" decoding=\"async\" width=\"768\" height=\"1024\" src=\"https:\/\/gastroservice-werner.de\/wp-content\/uploads\/2021\/12\/Suesse-Toertchen-mit-Schokomousse-768x1024.jpeg\" alt=\"S\u00fc\u00dfe T\u00f6rtchen mit Schokomousse\" data-id=\"352\" data-full-url=\"https:\/\/gastroservice-werner.de\/wp-content\/uploads\/2021\/12\/Suesse-Toertchen-mit-Schokomousse.jpeg\" data-link=\"https:\/\/gastroservice-werner.de\/suesse-toertchen-mit-schokomousse\/\" class=\"wp-image-352\" srcset=\"https:\/\/gastroservice-werner.de\/wp-content\/uploads\/2021\/12\/Suesse-Toertchen-mit-Schokomousse-768x1024.jpeg 768w, https:\/\/gastroservice-werner.de\/wp-content\/uploads\/2021\/12\/Suesse-Toertchen-mit-Schokomousse-225x300.jpeg 225w, https:\/\/gastroservice-werner.de\/wp-content\/uploads\/2021\/12\/Suesse-Toertchen-mit-Schokomousse-1152x1536.jpeg 1152w, https:\/\/gastroservice-werner.de\/wp-content\/uploads\/2021\/12\/Suesse-Toertchen-mit-Schokomousse.jpeg 1224w\" sizes=\"auto, (max-width: 768px) 100vw, 768px\" \/><figcaption class=\"blocks-gallery-item__caption\">S\u00fc\u00dfe T\u00f6rtchen mit Schokomousse<\/figcaption><\/figure><\/li><li class=\"blocks-gallery-item\"><figure><img loading=\"lazy\" decoding=\"async\" width=\"768\" height=\"1024\" src=\"https:\/\/gastroservice-werner.de\/wp-content\/uploads\/2021\/12\/Suesser-Traum-768x1024.jpeg\" alt=\"S\u00fc\u00dfer Traum\" data-id=\"353\" data-full-url=\"https:\/\/gastroservice-werner.de\/wp-content\/uploads\/2021\/12\/Suesser-Traum.jpeg\" data-link=\"https:\/\/gastroservice-werner.de\/suesser-traum\/\" class=\"wp-image-353\" srcset=\"https:\/\/gastroservice-werner.de\/wp-content\/uploads\/2021\/12\/Suesser-Traum-768x1024.jpeg 768w, https:\/\/gastroservice-werner.de\/wp-content\/uploads\/2021\/12\/Suesser-Traum-225x300.jpeg 225w, https:\/\/gastroservice-werner.de\/wp-content\/uploads\/2021\/12\/Suesser-Traum-1152x1536.jpeg 1152w, https:\/\/gastroservice-werner.de\/wp-content\/uploads\/2021\/12\/Suesser-Traum.jpeg 1224w\" sizes=\"auto, (max-width: 768px) 100vw, 768px\" \/><figcaption class=\"blocks-gallery-item__caption\">S\u00fc\u00dfer Traum<\/figcaption><\/figure><\/li><li class=\"blocks-gallery-item\"><figure><img loading=\"lazy\" decoding=\"async\" width=\"1024\" height=\"576\" src=\"https:\/\/gastroservice-werner.de\/wp-content\/uploads\/2021\/12\/Vers.-Haeppchen-1024x576.jpeg\" alt=\"Vers. H\u00e4ppchen\" data-id=\"354\" data-full-url=\"https:\/\/gastroservice-werner.de\/wp-content\/uploads\/2021\/12\/Vers.-Haeppchen-scaled.jpeg\" data-link=\"https:\/\/gastroservice-werner.de\/vers-haeppchen\/\" class=\"wp-image-354\" srcset=\"https:\/\/gastroservice-werner.de\/wp-content\/uploads\/2021\/12\/Vers.-Haeppchen-1024x576.jpeg 1024w, https:\/\/gastroservice-werner.de\/wp-content\/uploads\/2021\/12\/Vers.-Haeppchen-300x169.jpeg 300w, https:\/\/gastroservice-werner.de\/wp-content\/uploads\/2021\/12\/Vers.-Haeppchen-768x432.jpeg 768w, https:\/\/gastroservice-werner.de\/wp-content\/uploads\/2021\/12\/Vers.-Haeppchen-1536x864.jpeg 1536w, https:\/\/gastroservice-werner.de\/wp-content\/uploads\/2021\/12\/Vers.-Haeppchen-2048x1152.jpeg 2048w\" sizes=\"auto, (max-width: 1024px) 100vw, 1024px\" \/><figcaption class=\"blocks-gallery-item__caption\">Vers. H\u00e4ppchen<\/figcaption><\/figure><\/li><li class=\"blocks-gallery-item\"><figure><img loading=\"lazy\" decoding=\"async\" width=\"945\" height=\"1024\" src=\"https:\/\/gastroservice-werner.de\/wp-content\/uploads\/2022\/01\/Schoko-Mousse-hell-u.-dunkel-945x1024.jpg\" alt=\"\" data-id=\"408\" data-full-url=\"https:\/\/gastroservice-werner.de\/wp-content\/uploads\/2022\/01\/Schoko-Mousse-hell-u.-dunkel.jpg\" data-link=\"https:\/\/gastroservice-werner.de\/index.php\/bildergalerie\/schoko-mousse-hell-u-dunkel\/\" class=\"wp-image-408\" srcset=\"https:\/\/gastroservice-werner.de\/wp-content\/uploads\/2022\/01\/Schoko-Mousse-hell-u.-dunkel-945x1024.jpg 945w, https:\/\/gastroservice-werner.de\/wp-content\/uploads\/2022\/01\/Schoko-Mousse-hell-u.-dunkel-277x300.jpg 277w, https:\/\/gastroservice-werner.de\/wp-content\/uploads\/2022\/01\/Schoko-Mousse-hell-u.-dunkel-768x832.jpg 768w, https:\/\/gastroservice-werner.de\/wp-content\/uploads\/2022\/01\/Schoko-Mousse-hell-u.-dunkel-1418x1536.jpg 1418w, https:\/\/gastroservice-werner.de\/wp-content\/uploads\/2022\/01\/Schoko-Mousse-hell-u.-dunkel-1890x2048.jpg 1890w\" sizes=\"auto, (max-width: 945px) 100vw, 945px\" \/><figcaption class=\"blocks-gallery-item__caption\">Schoko-Mousse-hell-u.-dunkel<\/figcaption><\/figure><\/li><li class=\"blocks-gallery-item\"><figure><img loading=\"lazy\" decoding=\"async\" width=\"992\" height=\"1024\" src=\"https:\/\/gastroservice-werner.de\/wp-content\/uploads\/2022\/01\/Vanille-Parfait-mit-Heiss-Kirsch-Pflaumenkomp-992x1024.jpg\" alt=\"\" data-id=\"409\" data-full-url=\"https:\/\/gastroservice-werner.de\/wp-content\/uploads\/2022\/01\/Vanille-Parfait-mit-Heiss-Kirsch-Pflaumenkomp.jpg\" data-link=\"https:\/\/gastroservice-werner.de\/index.php\/bildergalerie\/vanille-parfait-mit-heiss-kirsch-pflaumenkomp\/\" class=\"wp-image-409\" srcset=\"https:\/\/gastroservice-werner.de\/wp-content\/uploads\/2022\/01\/Vanille-Parfait-mit-Heiss-Kirsch-Pflaumenkomp-992x1024.jpg 992w, https:\/\/gastroservice-werner.de\/wp-content\/uploads\/2022\/01\/Vanille-Parfait-mit-Heiss-Kirsch-Pflaumenkomp-291x300.jpg 291w, https:\/\/gastroservice-werner.de\/wp-content\/uploads\/2022\/01\/Vanille-Parfait-mit-Heiss-Kirsch-Pflaumenkomp-768x793.jpg 768w, https:\/\/gastroservice-werner.de\/wp-content\/uploads\/2022\/01\/Vanille-Parfait-mit-Heiss-Kirsch-Pflaumenkomp-1488x1536.jpg 1488w, https:\/\/gastroservice-werner.de\/wp-content\/uploads\/2022\/01\/Vanille-Parfait-mit-Heiss-Kirsch-Pflaumenkomp.jpg 1848w\" sizes=\"auto, (max-width: 992px) 100vw, 992px\" \/><figcaption class=\"blocks-gallery-item__caption\">Vanille-Parfait-mit-Heiss-Kirsch-Pflaumenkomp<\/figcaption><\/figure><\/li><\/ul><figcaption class=\"blocks-gallery-caption\">Eine unserer Dessertauswahlen<\/figcaption><\/figure>\n<\/div>\n<\/div><\/div>\n\n\n\n<h2 class=\"wp-block-heading\">Vorspeisen<\/h2>\n\n\n\n<p>Es wartet Sie eine Auswahl an frischen Salaten, Vorspeisen und B\u00fcffet-M\u00f6glichkeiten. Erhalten Sie einen kleinen Einblick in unsere K\u00fcche.<\/p>\n\n\n\n<div class=\"wp-block-themeisle-blocks-advanced-columns has-1-columns has-desktop-equal-layout has-tablet-equal-layout has-mobile-equal-layout has-nogap-gap has-vertical-unset\" id=\"wp-block-themeisle-blocks-advanced-columns-a869e07f\"><div class=\"wp-block-themeisle-blocks-advanced-columns-overlay\"><\/div><div class=\"innerblocks-wrap\">\n<div class=\"wp-block-themeisle-blocks-advanced-column\" id=\"wp-block-themeisle-blocks-advanced-column-44e2a051\">\n<figure class=\"wp-block-gallery columns-3 is-cropped wp-block-gallery-3 is-layout-flex wp-block-gallery-is-layout-flex\"><ul class=\"blocks-gallery-grid\"><li class=\"blocks-gallery-item\"><figure><img loading=\"lazy\" decoding=\"async\" width=\"1024\" height=\"876\" src=\"https:\/\/gastroservice-werner.de\/wp-content\/uploads\/2022\/01\/Gazpacho-Andalus-1024x876.jpg\" alt=\"Gazpacho Andalus\" data-id=\"438\" data-full-url=\"https:\/\/gastroservice-werner.de\/wp-content\/uploads\/2022\/01\/Gazpacho-Andalus.jpg\" data-link=\"https:\/\/gastroservice-werner.de\/index.php\/bildergalerie\/gazpacho-andalus\/\" class=\"wp-image-438\" srcset=\"https:\/\/gastroservice-werner.de\/wp-content\/uploads\/2022\/01\/Gazpacho-Andalus-1024x876.jpg 1024w, https:\/\/gastroservice-werner.de\/wp-content\/uploads\/2022\/01\/Gazpacho-Andalus-300x257.jpg 300w, https:\/\/gastroservice-werner.de\/wp-content\/uploads\/2022\/01\/Gazpacho-Andalus-768x657.jpg 768w, https:\/\/gastroservice-werner.de\/wp-content\/uploads\/2022\/01\/Gazpacho-Andalus.jpg 1235w\" sizes=\"auto, (max-width: 1024px) 100vw, 1024px\" \/><figcaption class=\"blocks-gallery-item__caption\">Gazpacho Andalus<\/figcaption><\/figure><\/li><li class=\"blocks-gallery-item\"><figure><img loading=\"lazy\" decoding=\"async\" width=\"1024\" height=\"683\" src=\"https:\/\/gastroservice-werner.de\/wp-content\/uploads\/2022\/01\/P1020872-1024x683.jpg\" alt=\"Vorspeisen B\u00fcffet\" data-id=\"455\" data-full-url=\"https:\/\/gastroservice-werner.de\/wp-content\/uploads\/2022\/01\/P1020872-scaled.jpg\" data-link=\"https:\/\/gastroservice-werner.de\/index.php\/bildergalerie\/p1020872\/\" class=\"wp-image-455\" srcset=\"https:\/\/gastroservice-werner.de\/wp-content\/uploads\/2022\/01\/P1020872-1024x683.jpg 1024w, https:\/\/gastroservice-werner.de\/wp-content\/uploads\/2022\/01\/P1020872-300x200.jpg 300w, https:\/\/gastroservice-werner.de\/wp-content\/uploads\/2022\/01\/P1020872-768x512.jpg 768w, https:\/\/gastroservice-werner.de\/wp-content\/uploads\/2022\/01\/P1020872-1536x1024.jpg 1536w, https:\/\/gastroservice-werner.de\/wp-content\/uploads\/2022\/01\/P1020872-2048x1365.jpg 2048w\" sizes=\"auto, (max-width: 1024px) 100vw, 1024px\" \/><figcaption class=\"blocks-gallery-item__caption\">Vorspeisen B\u00fcffet<\/figcaption><\/figure><\/li><li class=\"blocks-gallery-item\"><figure><img loading=\"lazy\" decoding=\"async\" width=\"1024\" height=\"683\" src=\"https:\/\/gastroservice-werner.de\/wp-content\/uploads\/2022\/01\/P1020871-1024x683.jpg\" alt=\"Vorspeisen B\u00fcffet\" data-id=\"454\" data-full-url=\"https:\/\/gastroservice-werner.de\/wp-content\/uploads\/2022\/01\/P1020871-scaled.jpg\" data-link=\"https:\/\/gastroservice-werner.de\/index.php\/bildergalerie\/p1020871\/\" class=\"wp-image-454\" srcset=\"https:\/\/gastroservice-werner.de\/wp-content\/uploads\/2022\/01\/P1020871-1024x683.jpg 1024w, https:\/\/gastroservice-werner.de\/wp-content\/uploads\/2022\/01\/P1020871-300x200.jpg 300w, https:\/\/gastroservice-werner.de\/wp-content\/uploads\/2022\/01\/P1020871-768x512.jpg 768w, https:\/\/gastroservice-werner.de\/wp-content\/uploads\/2022\/01\/P1020871-1536x1024.jpg 1536w, https:\/\/gastroservice-werner.de\/wp-content\/uploads\/2022\/01\/P1020871-2048x1365.jpg 2048w\" sizes=\"auto, (max-width: 1024px) 100vw, 1024px\" \/><figcaption class=\"blocks-gallery-item__caption\">Vorspeisen B\u00fcffet<\/figcaption><\/figure><\/li><li class=\"blocks-gallery-item\"><figure><img loading=\"lazy\" decoding=\"async\" width=\"1024\" height=\"683\" src=\"https:\/\/gastroservice-werner.de\/wp-content\/uploads\/2022\/01\/P1020874-1024x683.jpg\" alt=\"Vorspeisen B\u00fcffet\" data-id=\"457\" data-full-url=\"https:\/\/gastroservice-werner.de\/wp-content\/uploads\/2022\/01\/P1020874-scaled.jpg\" data-link=\"https:\/\/gastroservice-werner.de\/index.php\/bildergalerie\/p1020874\/\" class=\"wp-image-457\" srcset=\"https:\/\/gastroservice-werner.de\/wp-content\/uploads\/2022\/01\/P1020874-1024x683.jpg 1024w, https:\/\/gastroservice-werner.de\/wp-content\/uploads\/2022\/01\/P1020874-300x200.jpg 300w, https:\/\/gastroservice-werner.de\/wp-content\/uploads\/2022\/01\/P1020874-768x512.jpg 768w, https:\/\/gastroservice-werner.de\/wp-content\/uploads\/2022\/01\/P1020874-1536x1024.jpg 1536w, https:\/\/gastroservice-werner.de\/wp-content\/uploads\/2022\/01\/P1020874-2048x1365.jpg 2048w\" sizes=\"auto, (max-width: 1024px) 100vw, 1024px\" \/><figcaption class=\"blocks-gallery-item__caption\">Vorspeisen B\u00fcffet<\/figcaption><\/figure><\/li><li class=\"blocks-gallery-item\"><figure><img loading=\"lazy\" decoding=\"async\" width=\"576\" height=\"1024\" src=\"https:\/\/gastroservice-werner.de\/wp-content\/uploads\/2021\/12\/Wildkraeutersalat-mit-Tomate-Mozzarella-576x1024.jpeg\" alt=\"Wildkr\u00e4utersalat mit Tomate-Mozzarella\" data-id=\"355\" data-full-url=\"https:\/\/gastroservice-werner.de\/wp-content\/uploads\/2021\/12\/Wildkraeutersalat-mit-Tomate-Mozzarella-scaled.jpeg\" data-link=\"https:\/\/gastroservice-werner.de\/wildkraeutersalat-mit-tomate-mozzarella\/\" class=\"wp-image-355\" srcset=\"https:\/\/gastroservice-werner.de\/wp-content\/uploads\/2021\/12\/Wildkraeutersalat-mit-Tomate-Mozzarella-576x1024.jpeg 576w, https:\/\/gastroservice-werner.de\/wp-content\/uploads\/2021\/12\/Wildkraeutersalat-mit-Tomate-Mozzarella-169x300.jpeg 169w, https:\/\/gastroservice-werner.de\/wp-content\/uploads\/2021\/12\/Wildkraeutersalat-mit-Tomate-Mozzarella-768x1365.jpeg 768w, https:\/\/gastroservice-werner.de\/wp-content\/uploads\/2021\/12\/Wildkraeutersalat-mit-Tomate-Mozzarella-864x1536.jpeg 864w, https:\/\/gastroservice-werner.de\/wp-content\/uploads\/2021\/12\/Wildkraeutersalat-mit-Tomate-Mozzarella-1152x2048.jpeg 1152w, https:\/\/gastroservice-werner.de\/wp-content\/uploads\/2021\/12\/Wildkraeutersalat-mit-Tomate-Mozzarella-scaled.jpeg 1440w\" sizes=\"auto, (max-width: 576px) 100vw, 576px\" \/><figcaption class=\"blocks-gallery-item__caption\">Wildkr\u00e4utersalat mit Tomate-Mozzarella<\/figcaption><\/figure><\/li><li class=\"blocks-gallery-item\"><figure><img loading=\"lazy\" decoding=\"async\" width=\"576\" height=\"1024\" src=\"https:\/\/gastroservice-werner.de\/wp-content\/uploads\/2021\/12\/Marinierter-Spargel-mit-Parma-Schinken-576x1024.jpeg\" alt=\"Marinierter Spargel mit Parma Schinken\" data-id=\"347\" data-full-url=\"https:\/\/gastroservice-werner.de\/wp-content\/uploads\/2021\/12\/Marinierter-Spargel-mit-Parma-Schinken-scaled.jpeg\" data-link=\"https:\/\/gastroservice-werner.de\/marinierter-spargel-mit-parma-schinken\/\" class=\"wp-image-347\" srcset=\"https:\/\/gastroservice-werner.de\/wp-content\/uploads\/2021\/12\/Marinierter-Spargel-mit-Parma-Schinken-576x1024.jpeg 576w, https:\/\/gastroservice-werner.de\/wp-content\/uploads\/2021\/12\/Marinierter-Spargel-mit-Parma-Schinken-169x300.jpeg 169w, https:\/\/gastroservice-werner.de\/wp-content\/uploads\/2021\/12\/Marinierter-Spargel-mit-Parma-Schinken-768x1365.jpeg 768w, https:\/\/gastroservice-werner.de\/wp-content\/uploads\/2021\/12\/Marinierter-Spargel-mit-Parma-Schinken-864x1536.jpeg 864w, https:\/\/gastroservice-werner.de\/wp-content\/uploads\/2021\/12\/Marinierter-Spargel-mit-Parma-Schinken-1152x2048.jpeg 1152w, https:\/\/gastroservice-werner.de\/wp-content\/uploads\/2021\/12\/Marinierter-Spargel-mit-Parma-Schinken-scaled.jpeg 1440w\" sizes=\"auto, (max-width: 576px) 100vw, 576px\" \/><figcaption class=\"blocks-gallery-item__caption\">Marinierter Spargel mit Parma Schinken<\/figcaption><\/figure><\/li><li class=\"blocks-gallery-item\"><figure><img loading=\"lazy\" decoding=\"async\" width=\"576\" height=\"1024\" src=\"https:\/\/gastroservice-werner.de\/wp-content\/uploads\/2021\/12\/Gratinierter-Ziegenkaese-an-Wildkraeutersalat-576x1024.jpeg\" alt=\"Gratinierter Ziegenk\u00e4se an Wildkr\u00e4utersalat\" data-id=\"337\" data-full-url=\"https:\/\/gastroservice-werner.de\/wp-content\/uploads\/2021\/12\/Gratinierter-Ziegenkaese-an-Wildkraeutersalat-scaled.jpeg\" data-link=\"https:\/\/gastroservice-werner.de\/gratinierter-ziegenkaese-an-wildkraeutersalat\/\" class=\"wp-image-337\" srcset=\"https:\/\/gastroservice-werner.de\/wp-content\/uploads\/2021\/12\/Gratinierter-Ziegenkaese-an-Wildkraeutersalat-576x1024.jpeg 576w, https:\/\/gastroservice-werner.de\/wp-content\/uploads\/2021\/12\/Gratinierter-Ziegenkaese-an-Wildkraeutersalat-169x300.jpeg 169w, https:\/\/gastroservice-werner.de\/wp-content\/uploads\/2021\/12\/Gratinierter-Ziegenkaese-an-Wildkraeutersalat-768x1365.jpeg 768w, https:\/\/gastroservice-werner.de\/wp-content\/uploads\/2021\/12\/Gratinierter-Ziegenkaese-an-Wildkraeutersalat-864x1536.jpeg 864w, https:\/\/gastroservice-werner.de\/wp-content\/uploads\/2021\/12\/Gratinierter-Ziegenkaese-an-Wildkraeutersalat-1152x2048.jpeg 1152w, https:\/\/gastroservice-werner.de\/wp-content\/uploads\/2021\/12\/Gratinierter-Ziegenkaese-an-Wildkraeutersalat-scaled.jpeg 1440w\" sizes=\"auto, (max-width: 576px) 100vw, 576px\" \/><figcaption class=\"blocks-gallery-item__caption\">Gratinierter Ziegenk\u00e4se an Wildkr\u00e4utersalat<\/figcaption><\/figure><\/li><li class=\"blocks-gallery-item\"><figure><img loading=\"lazy\" decoding=\"async\" width=\"1024\" height=\"576\" src=\"https:\/\/gastroservice-werner.de\/wp-content\/uploads\/2021\/12\/Beilagensalat-1024x576.jpeg\" alt=\"Beilagensalat\" data-id=\"330\" data-full-url=\"https:\/\/gastroservice-werner.de\/wp-content\/uploads\/2021\/12\/Beilagensalat-scaled.jpeg\" data-link=\"https:\/\/gastroservice-werner.de\/beilagensalat\/\" class=\"wp-image-330\" srcset=\"https:\/\/gastroservice-werner.de\/wp-content\/uploads\/2021\/12\/Beilagensalat-1024x576.jpeg 1024w, https:\/\/gastroservice-werner.de\/wp-content\/uploads\/2021\/12\/Beilagensalat-300x169.jpeg 300w, https:\/\/gastroservice-werner.de\/wp-content\/uploads\/2021\/12\/Beilagensalat-768x432.jpeg 768w, https:\/\/gastroservice-werner.de\/wp-content\/uploads\/2021\/12\/Beilagensalat-1536x864.jpeg 1536w, https:\/\/gastroservice-werner.de\/wp-content\/uploads\/2021\/12\/Beilagensalat-2048x1152.jpeg 2048w\" sizes=\"auto, (max-width: 1024px) 100vw, 1024px\" \/><figcaption class=\"blocks-gallery-item__caption\">Beilagensalat<\/figcaption><\/figure><\/li><li class=\"blocks-gallery-item\"><figure><img loading=\"lazy\" decoding=\"async\" width=\"708\" height=\"1024\" src=\"https:\/\/gastroservice-werner.de\/wp-content\/uploads\/2022\/01\/Sommersalat-mit-mariniertem-Spargel-708x1024.jpg\" alt=\"\" data-id=\"411\" data-full-url=\"https:\/\/gastroservice-werner.de\/wp-content\/uploads\/2022\/01\/Sommersalat-mit-mariniertem-Spargel-scaled.jpg\" data-link=\"https:\/\/gastroservice-werner.de\/index.php\/bildergalerie\/sommersalat-mit-mariniertem-spargel\/\" class=\"wp-image-411\" srcset=\"https:\/\/gastroservice-werner.de\/wp-content\/uploads\/2022\/01\/Sommersalat-mit-mariniertem-Spargel-708x1024.jpg 708w, https:\/\/gastroservice-werner.de\/wp-content\/uploads\/2022\/01\/Sommersalat-mit-mariniertem-Spargel-207x300.jpg 207w, https:\/\/gastroservice-werner.de\/wp-content\/uploads\/2022\/01\/Sommersalat-mit-mariniertem-Spargel-768x1111.jpg 768w, https:\/\/gastroservice-werner.de\/wp-content\/uploads\/2022\/01\/Sommersalat-mit-mariniertem-Spargel-1062x1536.jpg 1062w, https:\/\/gastroservice-werner.de\/wp-content\/uploads\/2022\/01\/Sommersalat-mit-mariniertem-Spargel-1416x2048.jpg 1416w, https:\/\/gastroservice-werner.de\/wp-content\/uploads\/2022\/01\/Sommersalat-mit-mariniertem-Spargel-scaled.jpg 1770w\" sizes=\"auto, (max-width: 708px) 100vw, 708px\" \/><figcaption class=\"blocks-gallery-item__caption\">Sommersalat-mit-mariniertem-Spargel<\/figcaption><\/figure><\/li><li class=\"blocks-gallery-item\"><figure><img loading=\"lazy\" decoding=\"async\" width=\"920\" height=\"1024\" src=\"https:\/\/gastroservice-werner.de\/wp-content\/uploads\/2022\/01\/Vorsp.-Salat-mit-Ziegenkaese-920x1024.jpg\" alt=\"\" data-id=\"412\" data-full-url=\"https:\/\/gastroservice-werner.de\/wp-content\/uploads\/2022\/01\/Vorsp.-Salat-mit-Ziegenkaese-scaled.jpg\" data-link=\"https:\/\/gastroservice-werner.de\/index.php\/bildergalerie\/vorsp-salat-mit-ziegenkaese\/\" class=\"wp-image-412\" srcset=\"https:\/\/gastroservice-werner.de\/wp-content\/uploads\/2022\/01\/Vorsp.-Salat-mit-Ziegenkaese-920x1024.jpg 920w, https:\/\/gastroservice-werner.de\/wp-content\/uploads\/2022\/01\/Vorsp.-Salat-mit-Ziegenkaese-270x300.jpg 270w, https:\/\/gastroservice-werner.de\/wp-content\/uploads\/2022\/01\/Vorsp.-Salat-mit-Ziegenkaese-768x855.jpg 768w, https:\/\/gastroservice-werner.de\/wp-content\/uploads\/2022\/01\/Vorsp.-Salat-mit-Ziegenkaese-1380x1536.jpg 1380w, https:\/\/gastroservice-werner.de\/wp-content\/uploads\/2022\/01\/Vorsp.-Salat-mit-Ziegenkaese-1840x2048.jpg 1840w\" sizes=\"auto, (max-width: 920px) 100vw, 920px\" \/><figcaption class=\"blocks-gallery-item__caption\">Vorsp.-Salat-mit-Ziegenkaese<\/figcaption><\/figure><\/li><\/ul><figcaption class=\"blocks-gallery-caption\">Eine  Auswahl unserer Vorspeisen<\/figcaption><\/figure>\n<\/div>\n<\/div><\/div>\n\n\n\n<h2 class=\"wp-block-heading\">Hauptg\u00e4nge<\/h2>\n\n\n\n<p>Ob Fisch oder Fleisch, ganze Ganz oder Keule, B\u00e4ckchen oder Filet. F\u00fcr jeden ist etwas dabei. Hohlen Sie sich Appetit bei einem kleinen Ausflug in unsere Bildergalerie<\/p>\n\n\n\n<div class=\"wp-block-themeisle-blocks-advanced-columns has-1-columns has-desktop-equal-layout has-tablet-equal-layout has-mobile-equal-layout has-nogap-gap has-vertical-unset\" id=\"wp-block-themeisle-blocks-advanced-columns-48ed8405\"><div class=\"wp-block-themeisle-blocks-advanced-columns-overlay\"><\/div><div class=\"innerblocks-wrap\">\n<div class=\"wp-block-themeisle-blocks-advanced-column\" id=\"wp-block-themeisle-blocks-advanced-column-da4b8f23\">\n<figure class=\"wp-block-gallery columns-2 is-cropped wp-block-gallery-4 is-layout-flex wp-block-gallery-is-layout-flex\"><ul class=\"blocks-gallery-grid\"><li class=\"blocks-gallery-item\"><figure><img loading=\"lazy\" decoding=\"async\" width=\"1024\" height=\"768\" src=\"https:\/\/gastroservice-werner.de\/wp-content\/uploads\/2022\/01\/P1040759-1024x768.jpg\" alt=\"\" data-id=\"460\" data-full-url=\"https:\/\/gastroservice-werner.de\/wp-content\/uploads\/2022\/01\/P1040759-scaled.jpg\" data-link=\"https:\/\/gastroservice-werner.de\/index.php\/bildergalerie\/p1040759\/\" class=\"wp-image-460\" srcset=\"https:\/\/gastroservice-werner.de\/wp-content\/uploads\/2022\/01\/P1040759-1024x768.jpg 1024w, https:\/\/gastroservice-werner.de\/wp-content\/uploads\/2022\/01\/P1040759-300x225.jpg 300w, https:\/\/gastroservice-werner.de\/wp-content\/uploads\/2022\/01\/P1040759-768x576.jpg 768w, https:\/\/gastroservice-werner.de\/wp-content\/uploads\/2022\/01\/P1040759-1536x1152.jpg 1536w, https:\/\/gastroservice-werner.de\/wp-content\/uploads\/2022\/01\/P1040759-2048x1536.jpg 2048w\" sizes=\"auto, (max-width: 1024px) 100vw, 1024px\" \/><\/figure><\/li><li class=\"blocks-gallery-item\"><figure><img loading=\"lazy\" decoding=\"async\" width=\"1024\" height=\"884\" src=\"https:\/\/gastroservice-werner.de\/wp-content\/uploads\/2022\/01\/P1010983-1024x884.jpg\" alt=\"\" data-id=\"451\" data-full-url=\"https:\/\/gastroservice-werner.de\/wp-content\/uploads\/2022\/01\/P1010983-scaled.jpg\" data-link=\"https:\/\/gastroservice-werner.de\/index.php\/bildergalerie\/p1010983\/\" class=\"wp-image-451\" srcset=\"https:\/\/gastroservice-werner.de\/wp-content\/uploads\/2022\/01\/P1010983-1024x884.jpg 1024w, https:\/\/gastroservice-werner.de\/wp-content\/uploads\/2022\/01\/P1010983-300x259.jpg 300w, https:\/\/gastroservice-werner.de\/wp-content\/uploads\/2022\/01\/P1010983-768x663.jpg 768w, https:\/\/gastroservice-werner.de\/wp-content\/uploads\/2022\/01\/P1010983-1536x1326.jpg 1536w, https:\/\/gastroservice-werner.de\/wp-content\/uploads\/2022\/01\/P1010983-2048x1768.jpg 2048w\" sizes=\"auto, (max-width: 1024px) 100vw, 1024px\" \/><\/figure><\/li><li class=\"blocks-gallery-item\"><figure><img loading=\"lazy\" decoding=\"async\" width=\"837\" height=\"1024\" src=\"https:\/\/gastroservice-werner.de\/wp-content\/uploads\/2022\/01\/Hauptgang-Lachs-mit-Gnoccis-837x1024.jpg\" alt=\"Hauptgang Lachs mit Gnoccis\" data-id=\"443\" data-full-url=\"https:\/\/gastroservice-werner.de\/wp-content\/uploads\/2022\/01\/Hauptgang-Lachs-mit-Gnoccis-scaled.jpg\" data-link=\"https:\/\/gastroservice-werner.de\/index.php\/bildergalerie\/hauptgang-lachs-mit-gnoccis\/\" class=\"wp-image-443\" srcset=\"https:\/\/gastroservice-werner.de\/wp-content\/uploads\/2022\/01\/Hauptgang-Lachs-mit-Gnoccis-837x1024.jpg 837w, https:\/\/gastroservice-werner.de\/wp-content\/uploads\/2022\/01\/Hauptgang-Lachs-mit-Gnoccis-245x300.jpg 245w, https:\/\/gastroservice-werner.de\/wp-content\/uploads\/2022\/01\/Hauptgang-Lachs-mit-Gnoccis-768x939.jpg 768w, https:\/\/gastroservice-werner.de\/wp-content\/uploads\/2022\/01\/Hauptgang-Lachs-mit-Gnoccis-1256x1536.jpg 1256w, https:\/\/gastroservice-werner.de\/wp-content\/uploads\/2022\/01\/Hauptgang-Lachs-mit-Gnoccis-1675x2048.jpg 1675w\" sizes=\"auto, (max-width: 837px) 100vw, 837px\" \/><figcaption class=\"blocks-gallery-item__caption\">Hauptgang Lachs mit Gnoccis<\/figcaption><\/figure><\/li><li class=\"blocks-gallery-item\"><figure><img loading=\"lazy\" decoding=\"async\" width=\"720\" height=\"723\" src=\"https:\/\/gastroservice-werner.de\/wp-content\/uploads\/2022\/01\/Hauptg.-Geschm.Baeckchen.jpg\" alt=\"Hauptg. Geschm.B\u00e4ckchen\" data-id=\"442\" data-full-url=\"https:\/\/gastroservice-werner.de\/wp-content\/uploads\/2022\/01\/Hauptg.-Geschm.Baeckchen.jpg\" data-link=\"https:\/\/gastroservice-werner.de\/index.php\/bildergalerie\/hauptg-geschm-baeckchen\/\" class=\"wp-image-442\" srcset=\"https:\/\/gastroservice-werner.de\/wp-content\/uploads\/2022\/01\/Hauptg.-Geschm.Baeckchen.jpg 720w, https:\/\/gastroservice-werner.de\/wp-content\/uploads\/2022\/01\/Hauptg.-Geschm.Baeckchen-300x300.jpg 300w, https:\/\/gastroservice-werner.de\/wp-content\/uploads\/2022\/01\/Hauptg.-Geschm.Baeckchen-150x150.jpg 150w\" sizes=\"auto, (max-width: 720px) 100vw, 720px\" \/><figcaption class=\"blocks-gallery-item__caption\">Hauptgang Geschmorte B\u00e4ckchen<\/figcaption><\/figure><\/li><li class=\"blocks-gallery-item\"><figure><img loading=\"lazy\" decoding=\"async\" width=\"1024\" height=\"929\" src=\"https:\/\/gastroservice-werner.de\/wp-content\/uploads\/2022\/01\/Gaensekeule-mit-Semmelkloessen1-1024x929.jpg\" alt=\"G\u00e4nsekeule mit Semmelkl\u00f6\u00dfen1\" data-id=\"437\" data-full-url=\"https:\/\/gastroservice-werner.de\/wp-content\/uploads\/2022\/01\/Gaensekeule-mit-Semmelkloessen1.jpg\" data-link=\"https:\/\/gastroservice-werner.de\/index.php\/bildergalerie\/gaensekeule-mit-semmelkloessen1\/\" class=\"wp-image-437\" srcset=\"https:\/\/gastroservice-werner.de\/wp-content\/uploads\/2022\/01\/Gaensekeule-mit-Semmelkloessen1-1024x929.jpg 1024w, https:\/\/gastroservice-werner.de\/wp-content\/uploads\/2022\/01\/Gaensekeule-mit-Semmelkloessen1-300x272.jpg 300w, https:\/\/gastroservice-werner.de\/wp-content\/uploads\/2022\/01\/Gaensekeule-mit-Semmelkloessen1-768x696.jpg 768w, https:\/\/gastroservice-werner.de\/wp-content\/uploads\/2022\/01\/Gaensekeule-mit-Semmelkloessen1-1536x1393.jpg 1536w, https:\/\/gastroservice-werner.de\/wp-content\/uploads\/2022\/01\/Gaensekeule-mit-Semmelkloessen1-2048x1857.jpg 2048w\" sizes=\"auto, (max-width: 1024px) 100vw, 1024px\" \/><figcaption class=\"blocks-gallery-item__caption\">G\u00e4nsekeule mit Semmelkl\u00f6\u00dfen1<\/figcaption><\/figure><\/li><li class=\"blocks-gallery-item\"><figure><img loading=\"lazy\" decoding=\"async\" width=\"600\" height=\"400\" src=\"https:\/\/gastroservice-werner.de\/wp-content\/uploads\/2022\/01\/Gans.png\" alt=\"Gans\" data-id=\"436\" data-full-url=\"https:\/\/gastroservice-werner.de\/wp-content\/uploads\/2022\/01\/Gans.png\" data-link=\"https:\/\/gastroservice-werner.de\/index.php\/bildergalerie\/gans\/\" class=\"wp-image-436\" srcset=\"https:\/\/gastroservice-werner.de\/wp-content\/uploads\/2022\/01\/Gans.png 600w, https:\/\/gastroservice-werner.de\/wp-content\/uploads\/2022\/01\/Gans-300x200.png 300w\" sizes=\"auto, (max-width: 600px) 100vw, 600px\" \/><figcaption class=\"blocks-gallery-item__caption\">Gans<\/figcaption><\/figure><\/li><li class=\"blocks-gallery-item\"><figure><img loading=\"lazy\" decoding=\"async\" width=\"1024\" height=\"684\" src=\"https:\/\/gastroservice-werner.de\/wp-content\/uploads\/2022\/01\/20151008_Standard-Life_0381-1024x684.jpg\" alt=\"\" data-id=\"422\" data-full-url=\"https:\/\/gastroservice-werner.de\/wp-content\/uploads\/2022\/01\/20151008_Standard-Life_0381.jpg\" data-link=\"https:\/\/gastroservice-werner.de\/index.php\/bildergalerie\/20151008_standard-life_0381\/\" class=\"wp-image-422\" srcset=\"https:\/\/gastroservice-werner.de\/wp-content\/uploads\/2022\/01\/20151008_Standard-Life_0381-1024x684.jpg 1024w, https:\/\/gastroservice-werner.de\/wp-content\/uploads\/2022\/01\/20151008_Standard-Life_0381-300x200.jpg 300w, https:\/\/gastroservice-werner.de\/wp-content\/uploads\/2022\/01\/20151008_Standard-Life_0381-768x513.jpg 768w, https:\/\/gastroservice-werner.de\/wp-content\/uploads\/2022\/01\/20151008_Standard-Life_0381-1536x1025.jpg 1536w, https:\/\/gastroservice-werner.de\/wp-content\/uploads\/2022\/01\/20151008_Standard-Life_0381.jpg 2000w\" sizes=\"auto, (max-width: 1024px) 100vw, 1024px\" \/><\/figure><\/li><li class=\"blocks-gallery-item\"><figure><img loading=\"lazy\" decoding=\"async\" width=\"1024\" height=\"684\" src=\"https:\/\/gastroservice-werner.de\/wp-content\/uploads\/2022\/01\/20151008_Standard-Life_0377-1024x684.jpg\" alt=\"\" data-id=\"421\" data-full-url=\"https:\/\/gastroservice-werner.de\/wp-content\/uploads\/2022\/01\/20151008_Standard-Life_0377.jpg\" data-link=\"https:\/\/gastroservice-werner.de\/index.php\/bildergalerie\/20151008_standard-life_0377\/\" class=\"wp-image-421\" srcset=\"https:\/\/gastroservice-werner.de\/wp-content\/uploads\/2022\/01\/20151008_Standard-Life_0377-1024x684.jpg 1024w, https:\/\/gastroservice-werner.de\/wp-content\/uploads\/2022\/01\/20151008_Standard-Life_0377-300x200.jpg 300w, https:\/\/gastroservice-werner.de\/wp-content\/uploads\/2022\/01\/20151008_Standard-Life_0377-768x513.jpg 768w, https:\/\/gastroservice-werner.de\/wp-content\/uploads\/2022\/01\/20151008_Standard-Life_0377-1536x1025.jpg 1536w, https:\/\/gastroservice-werner.de\/wp-content\/uploads\/2022\/01\/20151008_Standard-Life_0377.jpg 2000w\" sizes=\"auto, (max-width: 1024px) 100vw, 1024px\" \/><\/figure><\/li><li class=\"blocks-gallery-item\"><figure><img loading=\"lazy\" decoding=\"async\" width=\"1024\" height=\"684\" src=\"https:\/\/gastroservice-werner.de\/wp-content\/uploads\/2022\/01\/20151008_Standard-Life_0361-1024x684.jpg\" alt=\"\" data-id=\"420\" data-full-url=\"https:\/\/gastroservice-werner.de\/wp-content\/uploads\/2022\/01\/20151008_Standard-Life_0361.jpg\" data-link=\"https:\/\/gastroservice-werner.de\/index.php\/bildergalerie\/20151008_standard-life_0361\/\" class=\"wp-image-420\" srcset=\"https:\/\/gastroservice-werner.de\/wp-content\/uploads\/2022\/01\/20151008_Standard-Life_0361-1024x684.jpg 1024w, https:\/\/gastroservice-werner.de\/wp-content\/uploads\/2022\/01\/20151008_Standard-Life_0361-300x200.jpg 300w, https:\/\/gastroservice-werner.de\/wp-content\/uploads\/2022\/01\/20151008_Standard-Life_0361-768x513.jpg 768w, https:\/\/gastroservice-werner.de\/wp-content\/uploads\/2022\/01\/20151008_Standard-Life_0361-1536x1025.jpg 1536w, https:\/\/gastroservice-werner.de\/wp-content\/uploads\/2022\/01\/20151008_Standard-Life_0361.jpg 2000w\" sizes=\"auto, (max-width: 1024px) 100vw, 1024px\" \/><\/figure><\/li><li class=\"blocks-gallery-item\"><figure><img loading=\"lazy\" decoding=\"async\" width=\"1024\" height=\"684\" src=\"https:\/\/gastroservice-werner.de\/wp-content\/uploads\/2022\/01\/20151008_Standard-Life_0355-1024x684.jpg\" alt=\"\" data-id=\"419\" data-full-url=\"https:\/\/gastroservice-werner.de\/wp-content\/uploads\/2022\/01\/20151008_Standard-Life_0355.jpg\" data-link=\"https:\/\/gastroservice-werner.de\/index.php\/bildergalerie\/20151008_standard-life_0355\/\" class=\"wp-image-419\" srcset=\"https:\/\/gastroservice-werner.de\/wp-content\/uploads\/2022\/01\/20151008_Standard-Life_0355-1024x684.jpg 1024w, https:\/\/gastroservice-werner.de\/wp-content\/uploads\/2022\/01\/20151008_Standard-Life_0355-300x200.jpg 300w, https:\/\/gastroservice-werner.de\/wp-content\/uploads\/2022\/01\/20151008_Standard-Life_0355-768x513.jpg 768w, https:\/\/gastroservice-werner.de\/wp-content\/uploads\/2022\/01\/20151008_Standard-Life_0355-1536x1025.jpg 1536w, https:\/\/gastroservice-werner.de\/wp-content\/uploads\/2022\/01\/20151008_Standard-Life_0355.jpg 2000w\" sizes=\"auto, (max-width: 1024px) 100vw, 1024px\" \/><\/figure><\/li><li class=\"blocks-gallery-item\"><figure><img loading=\"lazy\" decoding=\"async\" width=\"1024\" height=\"684\" src=\"https:\/\/gastroservice-werner.de\/wp-content\/uploads\/2022\/01\/20151008_Standard-Life_0102-1024x684.jpg\" alt=\"\" data-id=\"418\" data-full-url=\"https:\/\/gastroservice-werner.de\/wp-content\/uploads\/2022\/01\/20151008_Standard-Life_0102.jpg\" data-link=\"https:\/\/gastroservice-werner.de\/index.php\/bildergalerie\/20151008_standard-life_0102\/\" class=\"wp-image-418\" srcset=\"https:\/\/gastroservice-werner.de\/wp-content\/uploads\/2022\/01\/20151008_Standard-Life_0102-1024x684.jpg 1024w, https:\/\/gastroservice-werner.de\/wp-content\/uploads\/2022\/01\/20151008_Standard-Life_0102-300x200.jpg 300w, https:\/\/gastroservice-werner.de\/wp-content\/uploads\/2022\/01\/20151008_Standard-Life_0102-768x513.jpg 768w, https:\/\/gastroservice-werner.de\/wp-content\/uploads\/2022\/01\/20151008_Standard-Life_0102-1536x1025.jpg 1536w, https:\/\/gastroservice-werner.de\/wp-content\/uploads\/2022\/01\/20151008_Standard-Life_0102.jpg 2000w\" sizes=\"auto, (max-width: 1024px) 100vw, 1024px\" \/><\/figure><\/li><li class=\"blocks-gallery-item\"><figure><img loading=\"lazy\" decoding=\"async\" width=\"1024\" height=\"684\" src=\"https:\/\/gastroservice-werner.de\/wp-content\/uploads\/2022\/01\/20151008_Standard-Life_0479-1024x684.jpg\" alt=\"\" data-id=\"423\" data-full-url=\"https:\/\/gastroservice-werner.de\/wp-content\/uploads\/2022\/01\/20151008_Standard-Life_0479.jpg\" data-link=\"https:\/\/gastroservice-werner.de\/index.php\/bildergalerie\/20151008_standard-life_0479\/\" class=\"wp-image-423\" srcset=\"https:\/\/gastroservice-werner.de\/wp-content\/uploads\/2022\/01\/20151008_Standard-Life_0479-1024x684.jpg 1024w, https:\/\/gastroservice-werner.de\/wp-content\/uploads\/2022\/01\/20151008_Standard-Life_0479-300x200.jpg 300w, https:\/\/gastroservice-werner.de\/wp-content\/uploads\/2022\/01\/20151008_Standard-Life_0479-768x513.jpg 768w, https:\/\/gastroservice-werner.de\/wp-content\/uploads\/2022\/01\/20151008_Standard-Life_0479-1536x1025.jpg 1536w, https:\/\/gastroservice-werner.de\/wp-content\/uploads\/2022\/01\/20151008_Standard-Life_0479.jpg 2000w\" sizes=\"auto, (max-width: 1024px) 100vw, 1024px\" \/><\/figure><\/li><li class=\"blocks-gallery-item\"><figure><img loading=\"lazy\" decoding=\"async\" width=\"1024\" height=\"684\" src=\"https:\/\/gastroservice-werner.de\/wp-content\/uploads\/2022\/01\/20151008_Standard-Life_0480-1024x684.jpg\" alt=\"\" data-id=\"424\" data-full-url=\"https:\/\/gastroservice-werner.de\/wp-content\/uploads\/2022\/01\/20151008_Standard-Life_0480.jpg\" data-link=\"https:\/\/gastroservice-werner.de\/index.php\/bildergalerie\/20151008_standard-life_0480\/\" class=\"wp-image-424\" srcset=\"https:\/\/gastroservice-werner.de\/wp-content\/uploads\/2022\/01\/20151008_Standard-Life_0480-1024x684.jpg 1024w, https:\/\/gastroservice-werner.de\/wp-content\/uploads\/2022\/01\/20151008_Standard-Life_0480-300x200.jpg 300w, https:\/\/gastroservice-werner.de\/wp-content\/uploads\/2022\/01\/20151008_Standard-Life_0480-768x513.jpg 768w, https:\/\/gastroservice-werner.de\/wp-content\/uploads\/2022\/01\/20151008_Standard-Life_0480-1536x1025.jpg 1536w, https:\/\/gastroservice-werner.de\/wp-content\/uploads\/2022\/01\/20151008_Standard-Life_0480.jpg 2000w\" sizes=\"auto, (max-width: 1024px) 100vw, 1024px\" \/><\/figure><\/li><li class=\"blocks-gallery-item\"><figure><img loading=\"lazy\" decoding=\"async\" width=\"576\" height=\"1024\" src=\"https:\/\/gastroservice-werner.de\/wp-content\/uploads\/2021\/12\/Lammrueckenfilet-auf-Kartoffelstampf-dazu-Pflaumenjus-576x1024.jpeg\" alt=\"Lammr\u00fcckenfilet auf Kartoffelstampf dazu Pflaumenjus\" data-id=\"346\" data-full-url=\"https:\/\/gastroservice-werner.de\/wp-content\/uploads\/2021\/12\/Lammrueckenfilet-auf-Kartoffelstampf-dazu-Pflaumenjus-scaled.jpeg\" data-link=\"https:\/\/gastroservice-werner.de\/lammrueckenfilet-auf-kartoffelstampf-dazu-pflaumenjus\/\" class=\"wp-image-346\" srcset=\"https:\/\/gastroservice-werner.de\/wp-content\/uploads\/2021\/12\/Lammrueckenfilet-auf-Kartoffelstampf-dazu-Pflaumenjus-576x1024.jpeg 576w, https:\/\/gastroservice-werner.de\/wp-content\/uploads\/2021\/12\/Lammrueckenfilet-auf-Kartoffelstampf-dazu-Pflaumenjus-169x300.jpeg 169w, https:\/\/gastroservice-werner.de\/wp-content\/uploads\/2021\/12\/Lammrueckenfilet-auf-Kartoffelstampf-dazu-Pflaumenjus-768x1365.jpeg 768w, https:\/\/gastroservice-werner.de\/wp-content\/uploads\/2021\/12\/Lammrueckenfilet-auf-Kartoffelstampf-dazu-Pflaumenjus-864x1536.jpeg 864w, https:\/\/gastroservice-werner.de\/wp-content\/uploads\/2021\/12\/Lammrueckenfilet-auf-Kartoffelstampf-dazu-Pflaumenjus-1152x2048.jpeg 1152w, https:\/\/gastroservice-werner.de\/wp-content\/uploads\/2021\/12\/Lammrueckenfilet-auf-Kartoffelstampf-dazu-Pflaumenjus-scaled.jpeg 1440w\" sizes=\"auto, (max-width: 576px) 100vw, 576px\" \/><figcaption class=\"blocks-gallery-item__caption\">Lammr\u00fcckenfilet auf Kartoffelstampf dazu Pflaumenjus<\/figcaption><\/figure><\/li><li class=\"blocks-gallery-item\"><figure><img loading=\"lazy\" decoding=\"async\" width=\"576\" height=\"1024\" src=\"https:\/\/gastroservice-werner.de\/wp-content\/uploads\/2021\/12\/Rinderfiletsteak-auf-sautiertem-Gartengemuese-mit-Wilde-Kartoffeln--576x1024.jpeg\" alt=\"Rinderfiletsteak auf sautiertem Gartengem\u00fcse mit Wilde Kartoffeln\" data-id=\"348\" data-full-url=\"https:\/\/gastroservice-werner.de\/wp-content\/uploads\/2021\/12\/Rinderfiletsteak-auf-sautiertem-Gartengemuese-mit-Wilde-Kartoffeln--scaled.jpeg\" data-link=\"https:\/\/gastroservice-werner.de\/rinderfiletsteak-auf-sautiertem-gartengemuese-mit-wilde-kartoffeln\/\" class=\"wp-image-348\" srcset=\"https:\/\/gastroservice-werner.de\/wp-content\/uploads\/2021\/12\/Rinderfiletsteak-auf-sautiertem-Gartengemuese-mit-Wilde-Kartoffeln--576x1024.jpeg 576w, https:\/\/gastroservice-werner.de\/wp-content\/uploads\/2021\/12\/Rinderfiletsteak-auf-sautiertem-Gartengemuese-mit-Wilde-Kartoffeln--169x300.jpeg 169w, https:\/\/gastroservice-werner.de\/wp-content\/uploads\/2021\/12\/Rinderfiletsteak-auf-sautiertem-Gartengemuese-mit-Wilde-Kartoffeln--768x1365.jpeg 768w, https:\/\/gastroservice-werner.de\/wp-content\/uploads\/2021\/12\/Rinderfiletsteak-auf-sautiertem-Gartengemuese-mit-Wilde-Kartoffeln--864x1536.jpeg 864w, https:\/\/gastroservice-werner.de\/wp-content\/uploads\/2021\/12\/Rinderfiletsteak-auf-sautiertem-Gartengemuese-mit-Wilde-Kartoffeln--1152x2048.jpeg 1152w, https:\/\/gastroservice-werner.de\/wp-content\/uploads\/2021\/12\/Rinderfiletsteak-auf-sautiertem-Gartengemuese-mit-Wilde-Kartoffeln--scaled.jpeg 1440w\" sizes=\"auto, (max-width: 576px) 100vw, 576px\" \/><figcaption class=\"blocks-gallery-item__caption\">Rinderfiletsteak auf sautiertem Gartengem\u00fcse mit Wilde Kartoffeln<\/figcaption><\/figure><\/li><li class=\"blocks-gallery-item\"><figure><img loading=\"lazy\" decoding=\"async\" width=\"576\" height=\"1024\" src=\"https:\/\/gastroservice-werner.de\/wp-content\/uploads\/2021\/12\/Kalbshueftsteak-auf-sautiertem-Gartengemuese-dazu-Wacholderjus-576x1024.jpeg\" alt=\"Kalbsh\u00fcftsteak auf sautiertem Gartengem\u00fcse dazu Wacholderjus\" data-id=\"342\" data-full-url=\"https:\/\/gastroservice-werner.de\/wp-content\/uploads\/2021\/12\/Kalbshueftsteak-auf-sautiertem-Gartengemuese-dazu-Wacholderjus-scaled.jpeg\" data-link=\"https:\/\/gastroservice-werner.de\/kalbshueftsteak-auf-sautiertem-gartengemuese-dazu-wacholderjus\/\" class=\"wp-image-342\" srcset=\"https:\/\/gastroservice-werner.de\/wp-content\/uploads\/2021\/12\/Kalbshueftsteak-auf-sautiertem-Gartengemuese-dazu-Wacholderjus-576x1024.jpeg 576w, https:\/\/gastroservice-werner.de\/wp-content\/uploads\/2021\/12\/Kalbshueftsteak-auf-sautiertem-Gartengemuese-dazu-Wacholderjus-169x300.jpeg 169w, https:\/\/gastroservice-werner.de\/wp-content\/uploads\/2021\/12\/Kalbshueftsteak-auf-sautiertem-Gartengemuese-dazu-Wacholderjus-768x1365.jpeg 768w, https:\/\/gastroservice-werner.de\/wp-content\/uploads\/2021\/12\/Kalbshueftsteak-auf-sautiertem-Gartengemuese-dazu-Wacholderjus-864x1536.jpeg 864w, https:\/\/gastroservice-werner.de\/wp-content\/uploads\/2021\/12\/Kalbshueftsteak-auf-sautiertem-Gartengemuese-dazu-Wacholderjus-1152x2048.jpeg 1152w, https:\/\/gastroservice-werner.de\/wp-content\/uploads\/2021\/12\/Kalbshueftsteak-auf-sautiertem-Gartengemuese-dazu-Wacholderjus-scaled.jpeg 1440w\" sizes=\"auto, (max-width: 576px) 100vw, 576px\" \/><figcaption class=\"blocks-gallery-item__caption\">Kalbsh\u00fcftsteak auf sautiertem Gartengem\u00fcse dazu Wacholderjus<\/figcaption><\/figure><\/li><li class=\"blocks-gallery-item\"><figure><img loading=\"lazy\" decoding=\"async\" width=\"576\" height=\"1024\" src=\"https:\/\/gastroservice-werner.de\/wp-content\/uploads\/2021\/12\/Kalbtafelspitz-mit-Bratkartoffeln-und-Meerrettichsauce-576x1024.jpeg\" alt=\"Kalbtafelspitz mit Bratkartoffeln und Meerrettichsauce\" data-id=\"343\" data-full-url=\"https:\/\/gastroservice-werner.de\/wp-content\/uploads\/2021\/12\/Kalbtafelspitz-mit-Bratkartoffeln-und-Meerrettichsauce-scaled.jpeg\" data-link=\"https:\/\/gastroservice-werner.de\/kalbtafelspitz-mit-bratkartoffeln-und-meerrettichsauce\/\" class=\"wp-image-343\" srcset=\"https:\/\/gastroservice-werner.de\/wp-content\/uploads\/2021\/12\/Kalbtafelspitz-mit-Bratkartoffeln-und-Meerrettichsauce-576x1024.jpeg 576w, https:\/\/gastroservice-werner.de\/wp-content\/uploads\/2021\/12\/Kalbtafelspitz-mit-Bratkartoffeln-und-Meerrettichsauce-169x300.jpeg 169w, https:\/\/gastroservice-werner.de\/wp-content\/uploads\/2021\/12\/Kalbtafelspitz-mit-Bratkartoffeln-und-Meerrettichsauce-768x1365.jpeg 768w, https:\/\/gastroservice-werner.de\/wp-content\/uploads\/2021\/12\/Kalbtafelspitz-mit-Bratkartoffeln-und-Meerrettichsauce-864x1536.jpeg 864w, https:\/\/gastroservice-werner.de\/wp-content\/uploads\/2021\/12\/Kalbtafelspitz-mit-Bratkartoffeln-und-Meerrettichsauce-1152x2048.jpeg 1152w, https:\/\/gastroservice-werner.de\/wp-content\/uploads\/2021\/12\/Kalbtafelspitz-mit-Bratkartoffeln-und-Meerrettichsauce-scaled.jpeg 1440w\" sizes=\"auto, (max-width: 576px) 100vw, 576px\" \/><figcaption class=\"blocks-gallery-item__caption\">Kalbtafelspitz mit Bratkartoffeln und Meerrettichsauce<\/figcaption><\/figure><\/li><li class=\"blocks-gallery-item\"><figure><img loading=\"lazy\" decoding=\"async\" width=\"1024\" height=\"576\" src=\"https:\/\/gastroservice-werner.de\/wp-content\/uploads\/2021\/12\/Geb.-Wolfsbarsch-auf-lauchgemuese-mit-dazu-Tepia-tagliatellen-1024x576.jpeg\" alt=\"Geb. Wolfsbarsch auf lauchgem\u00fcse mit dazu Tepia-tagliatellen\" data-id=\"333\" data-full-url=\"https:\/\/gastroservice-werner.de\/wp-content\/uploads\/2021\/12\/Geb.-Wolfsbarsch-auf-lauchgemuese-mit-dazu-Tepia-tagliatellen-scaled.jpeg\" data-link=\"https:\/\/gastroservice-werner.de\/geb-wolfsbarsch-auf-lauchgemuese-mit-dazu-tepia-tagliatellen\/\" class=\"wp-image-333\" srcset=\"https:\/\/gastroservice-werner.de\/wp-content\/uploads\/2021\/12\/Geb.-Wolfsbarsch-auf-lauchgemuese-mit-dazu-Tepia-tagliatellen-1024x576.jpeg 1024w, https:\/\/gastroservice-werner.de\/wp-content\/uploads\/2021\/12\/Geb.-Wolfsbarsch-auf-lauchgemuese-mit-dazu-Tepia-tagliatellen-300x169.jpeg 300w, https:\/\/gastroservice-werner.de\/wp-content\/uploads\/2021\/12\/Geb.-Wolfsbarsch-auf-lauchgemuese-mit-dazu-Tepia-tagliatellen-768x432.jpeg 768w, https:\/\/gastroservice-werner.de\/wp-content\/uploads\/2021\/12\/Geb.-Wolfsbarsch-auf-lauchgemuese-mit-dazu-Tepia-tagliatellen-1536x864.jpeg 1536w, https:\/\/gastroservice-werner.de\/wp-content\/uploads\/2021\/12\/Geb.-Wolfsbarsch-auf-lauchgemuese-mit-dazu-Tepia-tagliatellen-2048x1152.jpeg 2048w\" sizes=\"auto, (max-width: 1024px) 100vw, 1024px\" \/><figcaption class=\"blocks-gallery-item__caption\">Geb. Wolfsbarsch auf lauchgem\u00fcse mit dazu Tepia-tagliatellen<\/figcaption><\/figure><\/li><li class=\"blocks-gallery-item\"><figure><img loading=\"lazy\" decoding=\"async\" width=\"576\" height=\"1024\" src=\"https:\/\/gastroservice-werner.de\/wp-content\/uploads\/2021\/12\/Geschmorte-Schweinsbaeckle-mit-Spaetzle-576x1024.jpeg\" alt=\"Geschmorte Schweinsb\u00e4ckle mit Sp\u00e4tzle\" data-id=\"335\" data-full-url=\"https:\/\/gastroservice-werner.de\/wp-content\/uploads\/2021\/12\/Geschmorte-Schweinsbaeckle-mit-Spaetzle-scaled.jpeg\" data-link=\"https:\/\/gastroservice-werner.de\/geschmorte-schweinsbaeckle-mit-spaetzle\/\" class=\"wp-image-335\" srcset=\"https:\/\/gastroservice-werner.de\/wp-content\/uploads\/2021\/12\/Geschmorte-Schweinsbaeckle-mit-Spaetzle-576x1024.jpeg 576w, https:\/\/gastroservice-werner.de\/wp-content\/uploads\/2021\/12\/Geschmorte-Schweinsbaeckle-mit-Spaetzle-169x300.jpeg 169w, https:\/\/gastroservice-werner.de\/wp-content\/uploads\/2021\/12\/Geschmorte-Schweinsbaeckle-mit-Spaetzle-768x1365.jpeg 768w, https:\/\/gastroservice-werner.de\/wp-content\/uploads\/2021\/12\/Geschmorte-Schweinsbaeckle-mit-Spaetzle-864x1536.jpeg 864w, https:\/\/gastroservice-werner.de\/wp-content\/uploads\/2021\/12\/Geschmorte-Schweinsbaeckle-mit-Spaetzle-1152x2048.jpeg 1152w, https:\/\/gastroservice-werner.de\/wp-content\/uploads\/2021\/12\/Geschmorte-Schweinsbaeckle-mit-Spaetzle-scaled.jpeg 1440w\" sizes=\"auto, (max-width: 576px) 100vw, 576px\" \/><figcaption class=\"blocks-gallery-item__caption\">Geschmorte Schweinsb\u00e4ckle mit Sp\u00e4tzle<\/figcaption><\/figure><\/li><li class=\"blocks-gallery-item\"><figure><img loading=\"lazy\" decoding=\"async\" width=\"576\" height=\"1024\" src=\"https:\/\/gastroservice-werner.de\/wp-content\/uploads\/2021\/12\/Geb.-Lachssteak-auf-sautierten-Pifferlingen-mit-Sahne-Gnoccis-576x1024.jpeg\" alt=\"Geb. Lachssteak auf sautierten Pifferlingen mit Sahne-Gnoccis\" data-id=\"331\" data-full-url=\"https:\/\/gastroservice-werner.de\/wp-content\/uploads\/2021\/12\/Geb.-Lachssteak-auf-sautierten-Pifferlingen-mit-Sahne-Gnoccis-scaled.jpeg\" data-link=\"https:\/\/gastroservice-werner.de\/geb-lachssteak-auf-sautierten-pifferlingen-mit-sahne-gnoccis\/\" class=\"wp-image-331\" srcset=\"https:\/\/gastroservice-werner.de\/wp-content\/uploads\/2021\/12\/Geb.-Lachssteak-auf-sautierten-Pifferlingen-mit-Sahne-Gnoccis-576x1024.jpeg 576w, https:\/\/gastroservice-werner.de\/wp-content\/uploads\/2021\/12\/Geb.-Lachssteak-auf-sautierten-Pifferlingen-mit-Sahne-Gnoccis-169x300.jpeg 169w, https:\/\/gastroservice-werner.de\/wp-content\/uploads\/2021\/12\/Geb.-Lachssteak-auf-sautierten-Pifferlingen-mit-Sahne-Gnoccis-768x1365.jpeg 768w, https:\/\/gastroservice-werner.de\/wp-content\/uploads\/2021\/12\/Geb.-Lachssteak-auf-sautierten-Pifferlingen-mit-Sahne-Gnoccis-864x1536.jpeg 864w, https:\/\/gastroservice-werner.de\/wp-content\/uploads\/2021\/12\/Geb.-Lachssteak-auf-sautierten-Pifferlingen-mit-Sahne-Gnoccis-1152x2048.jpeg 1152w, https:\/\/gastroservice-werner.de\/wp-content\/uploads\/2021\/12\/Geb.-Lachssteak-auf-sautierten-Pifferlingen-mit-Sahne-Gnoccis-scaled.jpeg 1440w\" sizes=\"auto, (max-width: 576px) 100vw, 576px\" \/><figcaption class=\"blocks-gallery-item__caption\">Geb. Lachssteak auf sautierten Pifferlingen mit Sahne-Gnoccis<\/figcaption><\/figure><\/li><li class=\"blocks-gallery-item\"><figure><img loading=\"lazy\" decoding=\"async\" width=\"576\" height=\"1024\" src=\"https:\/\/gastroservice-werner.de\/wp-content\/uploads\/2021\/12\/Kuerbis-Penne-Ragout-mit-Pinienkarne-und-Parmesan-Salten-576x1024.jpeg\" alt=\"K\u00fcrbis-Penne-Ragout mit Pinienkarne und Parmesan Salten\" data-id=\"345\" data-full-url=\"https:\/\/gastroservice-werner.de\/wp-content\/uploads\/2021\/12\/Kuerbis-Penne-Ragout-mit-Pinienkarne-und-Parmesan-Salten-scaled.jpeg\" data-link=\"https:\/\/gastroservice-werner.de\/kuerbis-penne-ragout-mit-pinienkarne-und-parmesan-salten\/\" class=\"wp-image-345\" srcset=\"https:\/\/gastroservice-werner.de\/wp-content\/uploads\/2021\/12\/Kuerbis-Penne-Ragout-mit-Pinienkarne-und-Parmesan-Salten-576x1024.jpeg 576w, https:\/\/gastroservice-werner.de\/wp-content\/uploads\/2021\/12\/Kuerbis-Penne-Ragout-mit-Pinienkarne-und-Parmesan-Salten-169x300.jpeg 169w, https:\/\/gastroservice-werner.de\/wp-content\/uploads\/2021\/12\/Kuerbis-Penne-Ragout-mit-Pinienkarne-und-Parmesan-Salten-768x1365.jpeg 768w, https:\/\/gastroservice-werner.de\/wp-content\/uploads\/2021\/12\/Kuerbis-Penne-Ragout-mit-Pinienkarne-und-Parmesan-Salten-864x1536.jpeg 864w, https:\/\/gastroservice-werner.de\/wp-content\/uploads\/2021\/12\/Kuerbis-Penne-Ragout-mit-Pinienkarne-und-Parmesan-Salten-1152x2048.jpeg 1152w, https:\/\/gastroservice-werner.de\/wp-content\/uploads\/2021\/12\/Kuerbis-Penne-Ragout-mit-Pinienkarne-und-Parmesan-Salten-scaled.jpeg 1440w\" sizes=\"auto, (max-width: 576px) 100vw, 576px\" \/><figcaption class=\"blocks-gallery-item__caption\">K\u00fcrbis-Penne-Ragout mit Pinienkarne und Parmesan Salten<\/figcaption><\/figure><\/li><\/ul><figcaption class=\"blocks-gallery-caption\">Eine  Auswahl unserer Hauptg\u00e4nge<\/figcaption><\/figure>\n<\/div>\n<\/div><\/div>\n\n\n\n<h2 class=\"wp-block-heading\">Tischdekorationen<\/h2>\n\n\n\n<figure class=\"wp-block-gallery columns-3 is-cropped wp-block-gallery-5 is-layout-flex wp-block-gallery-is-layout-flex\"><ul class=\"blocks-gallery-grid\"><li class=\"blocks-gallery-item\"><figure><img loading=\"lazy\" decoding=\"async\" width=\"1024\" height=\"683\" src=\"https:\/\/gastroservice-werner.de\/wp-content\/uploads\/2022\/01\/P1020858-1024x683.jpg\" alt=\"festliche Tischdeko\" data-id=\"453\" data-full-url=\"https:\/\/gastroservice-werner.de\/wp-content\/uploads\/2022\/01\/P1020858-scaled.jpg\" data-link=\"https:\/\/gastroservice-werner.de\/index.php\/bildergalerie\/p1020858\/\" class=\"wp-image-453\" srcset=\"https:\/\/gastroservice-werner.de\/wp-content\/uploads\/2022\/01\/P1020858-1024x683.jpg 1024w, https:\/\/gastroservice-werner.de\/wp-content\/uploads\/2022\/01\/P1020858-300x200.jpg 300w, https:\/\/gastroservice-werner.de\/wp-content\/uploads\/2022\/01\/P1020858-768x512.jpg 768w, https:\/\/gastroservice-werner.de\/wp-content\/uploads\/2022\/01\/P1020858-1536x1024.jpg 1536w, https:\/\/gastroservice-werner.de\/wp-content\/uploads\/2022\/01\/P1020858-2048x1365.jpg 2048w\" sizes=\"auto, (max-width: 1024px) 100vw, 1024px\" \/><figcaption class=\"blocks-gallery-item__caption\">festliche Tischdeko<\/figcaption><\/figure><\/li><li class=\"blocks-gallery-item\"><figure><img loading=\"lazy\" decoding=\"async\" width=\"1024\" height=\"323\" src=\"https:\/\/gastroservice-werner.de\/wp-content\/uploads\/2022\/01\/P1010968-2-1024x323.jpg\" alt=\"festliche Tischdeko\" data-id=\"447\" data-full-url=\"https:\/\/gastroservice-werner.de\/wp-content\/uploads\/2022\/01\/P1010968-2-scaled.jpg\" data-link=\"https:\/\/gastroservice-werner.de\/index.php\/bildergalerie\/p1010968-2\/\" class=\"wp-image-447\" srcset=\"https:\/\/gastroservice-werner.de\/wp-content\/uploads\/2022\/01\/P1010968-2-1024x323.jpg 1024w, https:\/\/gastroservice-werner.de\/wp-content\/uploads\/2022\/01\/P1010968-2-300x95.jpg 300w, https:\/\/gastroservice-werner.de\/wp-content\/uploads\/2022\/01\/P1010968-2-768x243.jpg 768w, https:\/\/gastroservice-werner.de\/wp-content\/uploads\/2022\/01\/P1010968-2-1536x485.jpg 1536w, https:\/\/gastroservice-werner.de\/wp-content\/uploads\/2022\/01\/P1010968-2-2048x647.jpg 2048w\" sizes=\"auto, (max-width: 1024px) 100vw, 1024px\" \/><figcaption class=\"blocks-gallery-item__caption\">festliche Tischdeko<\/figcaption><\/figure><\/li><li class=\"blocks-gallery-item\"><figure><img loading=\"lazy\" decoding=\"async\" width=\"1024\" height=\"683\" src=\"https:\/\/gastroservice-werner.de\/wp-content\/uploads\/2022\/01\/P1010963-1024x683.jpg\" alt=\"festliche Tischdeko\" data-id=\"446\" data-full-url=\"https:\/\/gastroservice-werner.de\/wp-content\/uploads\/2022\/01\/P1010963-scaled.jpg\" data-link=\"https:\/\/gastroservice-werner.de\/index.php\/bildergalerie\/p1010963\/\" class=\"wp-image-446\" srcset=\"https:\/\/gastroservice-werner.de\/wp-content\/uploads\/2022\/01\/P1010963-1024x683.jpg 1024w, https:\/\/gastroservice-werner.de\/wp-content\/uploads\/2022\/01\/P1010963-300x200.jpg 300w, https:\/\/gastroservice-werner.de\/wp-content\/uploads\/2022\/01\/P1010963-768x512.jpg 768w, https:\/\/gastroservice-werner.de\/wp-content\/uploads\/2022\/01\/P1010963-1536x1024.jpg 1536w, https:\/\/gastroservice-werner.de\/wp-content\/uploads\/2022\/01\/P1010963-2048x1365.jpg 2048w\" sizes=\"auto, (max-width: 1024px) 100vw, 1024px\" \/><figcaption class=\"blocks-gallery-item__caption\">festliche Tischdeko<\/figcaption><\/figure><\/li><li class=\"blocks-gallery-item\"><figure><img loading=\"lazy\" decoding=\"async\" width=\"1024\" height=\"683\" src=\"https:\/\/gastroservice-werner.de\/wp-content\/uploads\/2022\/01\/P1010970-1024x683.jpg\" alt=\"festliche Tischdeko\" data-id=\"448\" data-full-url=\"https:\/\/gastroservice-werner.de\/wp-content\/uploads\/2022\/01\/P1010970-scaled.jpg\" data-link=\"https:\/\/gastroservice-werner.de\/index.php\/bildergalerie\/p1010970\/\" class=\"wp-image-448\" srcset=\"https:\/\/gastroservice-werner.de\/wp-content\/uploads\/2022\/01\/P1010970-1024x683.jpg 1024w, https:\/\/gastroservice-werner.de\/wp-content\/uploads\/2022\/01\/P1010970-300x200.jpg 300w, https:\/\/gastroservice-werner.de\/wp-content\/uploads\/2022\/01\/P1010970-768x512.jpg 768w, https:\/\/gastroservice-werner.de\/wp-content\/uploads\/2022\/01\/P1010970-1536x1024.jpg 1536w, https:\/\/gastroservice-werner.de\/wp-content\/uploads\/2022\/01\/P1010970-2048x1365.jpg 2048w\" sizes=\"auto, (max-width: 1024px) 100vw, 1024px\" \/><figcaption class=\"blocks-gallery-item__caption\">festliche Tischdeko<\/figcaption><\/figure><\/li><li class=\"blocks-gallery-item\"><figure><img loading=\"lazy\" decoding=\"async\" width=\"1024\" height=\"768\" src=\"https:\/\/gastroservice-werner.de\/wp-content\/uploads\/2022\/01\/Gedeckter-Tisch1-1024x768.jpg\" alt=\"Tischdeko festliche beige\" data-id=\"439\" data-full-url=\"https:\/\/gastroservice-werner.de\/wp-content\/uploads\/2022\/01\/Gedeckter-Tisch1-scaled.jpg\" data-link=\"https:\/\/gastroservice-werner.de\/index.php\/bildergalerie\/gedeckter-tisch1\/\" class=\"wp-image-439\" srcset=\"https:\/\/gastroservice-werner.de\/wp-content\/uploads\/2022\/01\/Gedeckter-Tisch1-1024x768.jpg 1024w, https:\/\/gastroservice-werner.de\/wp-content\/uploads\/2022\/01\/Gedeckter-Tisch1-300x225.jpg 300w, https:\/\/gastroservice-werner.de\/wp-content\/uploads\/2022\/01\/Gedeckter-Tisch1-768x576.jpg 768w, https:\/\/gastroservice-werner.de\/wp-content\/uploads\/2022\/01\/Gedeckter-Tisch1-1536x1152.jpg 1536w, https:\/\/gastroservice-werner.de\/wp-content\/uploads\/2022\/01\/Gedeckter-Tisch1-2048x1536.jpg 2048w\" sizes=\"auto, (max-width: 1024px) 100vw, 1024px\" \/><figcaption class=\"blocks-gallery-item__caption\">Tischdeko festliche beige<\/figcaption><\/figure><\/li><li class=\"blocks-gallery-item\"><figure><img loading=\"lazy\" decoding=\"async\" width=\"1024\" height=\"768\" src=\"https:\/\/gastroservice-werner.de\/wp-content\/uploads\/2022\/01\/Gedeckter-Tisch2-1024x768.jpg\" alt=\"Tischdeko festliche beige\" data-id=\"440\" data-full-url=\"https:\/\/gastroservice-werner.de\/wp-content\/uploads\/2022\/01\/Gedeckter-Tisch2-scaled.jpg\" data-link=\"https:\/\/gastroservice-werner.de\/index.php\/bildergalerie\/gedeckter-tisch2\/\" class=\"wp-image-440\" srcset=\"https:\/\/gastroservice-werner.de\/wp-content\/uploads\/2022\/01\/Gedeckter-Tisch2-1024x768.jpg 1024w, https:\/\/gastroservice-werner.de\/wp-content\/uploads\/2022\/01\/Gedeckter-Tisch2-300x225.jpg 300w, https:\/\/gastroservice-werner.de\/wp-content\/uploads\/2022\/01\/Gedeckter-Tisch2-768x576.jpg 768w, https:\/\/gastroservice-werner.de\/wp-content\/uploads\/2022\/01\/Gedeckter-Tisch2-1536x1152.jpg 1536w, https:\/\/gastroservice-werner.de\/wp-content\/uploads\/2022\/01\/Gedeckter-Tisch2-2048x1536.jpg 2048w\" sizes=\"auto, (max-width: 1024px) 100vw, 1024px\" \/><figcaption class=\"blocks-gallery-item__caption\">Tischdeko festliche beige<\/figcaption><\/figure><\/li><li class=\"blocks-gallery-item\"><figure><img loading=\"lazy\" decoding=\"async\" width=\"603\" height=\"438\" src=\"https:\/\/gastroservice-werner.de\/wp-content\/uploads\/2018\/01\/PIC00313.jpg\" alt=\"\" data-id=\"139\" data-full-url=\"https:\/\/gastroservice-werner.de\/wp-content\/uploads\/2018\/01\/PIC00313.jpg\" data-link=\"https:\/\/gastroservice-werner.de\/pic00313\/\" class=\"wp-image-139\" srcset=\"https:\/\/gastroservice-werner.de\/wp-content\/uploads\/2018\/01\/PIC00313.jpg 603w, https:\/\/gastroservice-werner.de\/wp-content\/uploads\/2018\/01\/PIC00313-300x218.jpg 300w\" sizes=\"auto, (max-width: 603px) 100vw, 603px\" \/><\/figure><\/li><li class=\"blocks-gallery-item\"><figure><img loading=\"lazy\" decoding=\"async\" width=\"619\" height=\"426\" src=\"https:\/\/gastroservice-werner.de\/wp-content\/uploads\/2018\/01\/PIC00317.jpg\" alt=\"\" data-id=\"143\" data-full-url=\"https:\/\/gastroservice-werner.de\/wp-content\/uploads\/2018\/01\/PIC00317.jpg\" data-link=\"https:\/\/gastroservice-werner.de\/pic00317\/\" class=\"wp-image-143\" srcset=\"https:\/\/gastroservice-werner.de\/wp-content\/uploads\/2018\/01\/PIC00317.jpg 619w, https:\/\/gastroservice-werner.de\/wp-content\/uploads\/2018\/01\/PIC00317-300x206.jpg 300w\" sizes=\"auto, (max-width: 619px) 100vw, 619px\" \/><\/figure><\/li><\/ul><\/figure>\n","protected":false},"excerpt":{"rendered":"<p>Eine Auswahl unserer Gerichte f\u00fcr Sie zubereitet<\/p>\n","protected":false},"author":1,"featured_media":94,"parent":0,"menu_order":0,"comment_status":"closed","ping_status":"closed","template":"template-fullwidth.php","meta":{"footnotes":""},"class_list":["post-252","page","type-page","status-publish","has-post-thumbnail","hentry"],"yoast_head":"<!-- This site is optimized with the Yoast SEO plugin v27.4 - https:\/\/yoast.com\/product\/yoast-seo-wordpress\/ -->\n<title>Bildergalerie - Gastroservice Werner<\/title>\n<meta name=\"description\" content=\"M\u00f6chten Sie sich erst einmal umschauen? Dann sehen sie hier aktuelle Bilder von unseren Events. Genie\u00dfen und lassen Sie sich inspirieren.\" \/>\n<meta name=\"robots\" content=\"index, follow, max-snippet:-1, max-image-preview:large, max-video-preview:-1\" \/>\n<link rel=\"canonical\" href=\"https:\/\/gastroservice-werner.de\/index.php\/bildergalerie\/\" \/>\n<meta property=\"og:locale\" content=\"de_DE\" \/>\n<meta property=\"og:type\" content=\"article\" \/>\n<meta property=\"og:title\" content=\"Bildergalerie - Gastroservice Werner\" \/>\n<meta property=\"og:description\" content=\"M\u00f6chten Sie sich erst einmal umschauen? Dann sehen sie hier aktuelle Bilder von unseren Events. Genie\u00dfen und lassen Sie sich inspirieren.\" \/>\n<meta property=\"og:url\" content=\"https:\/\/gastroservice-werner.de\/index.php\/bildergalerie\/\" \/>\n<meta property=\"og:site_name\" content=\"Gastroservice Werner\" \/>\n<meta property=\"article:modified_time\" content=\"2022-01-03T18:03:05+00:00\" \/>\n<meta property=\"og:image\" content=\"https:\/\/gastroservice-werner.de\/wp-content\/uploads\/2018\/01\/Bild-001.jpg\" \/>\n\t<meta property=\"og:image:width\" content=\"2552\" \/>\n\t<meta property=\"og:image:height\" content=\"2276\" \/>\n\t<meta property=\"og:image:type\" content=\"image\/jpeg\" \/>\n<meta name=\"twitter:card\" content=\"summary_large_image\" \/>\n<meta name=\"twitter:label1\" content=\"Gesch\u00e4tzte Lesezeit\" \/>\n\t<meta name=\"twitter:data1\" content=\"13\u00a0Minuten\" \/>\n<script type=\"application\/ld+json\" class=\"yoast-schema-graph\">{\"@context\":\"https:\\\/\\\/schema.org\",\"@graph\":[{\"@type\":\"WebPage\",\"@id\":\"https:\\\/\\\/gastroservice-werner.de\\\/index.php\\\/bildergalerie\\\/\",\"url\":\"https:\\\/\\\/gastroservice-werner.de\\\/index.php\\\/bildergalerie\\\/\",\"name\":\"Bildergalerie - Gastroservice Werner\",\"isPartOf\":{\"@id\":\"https:\\\/\\\/gastroservice-werner.de\\\/#website\"},\"primaryImageOfPage\":{\"@id\":\"https:\\\/\\\/gastroservice-werner.de\\\/index.php\\\/bildergalerie\\\/#primaryimage\"},\"image\":{\"@id\":\"https:\\\/\\\/gastroservice-werner.de\\\/index.php\\\/bildergalerie\\\/#primaryimage\"},\"thumbnailUrl\":\"https:\\\/\\\/gastroservice-werner.de\\\/wp-content\\\/uploads\\\/2018\\\/01\\\/Bild-001.jpg\",\"datePublished\":\"2021-12-08T13:46:31+00:00\",\"dateModified\":\"2022-01-03T18:03:05+00:00\",\"description\":\"M\u00f6chten Sie sich erst einmal umschauen? Dann sehen sie hier aktuelle Bilder von unseren Events. Genie\u00dfen und lassen Sie sich inspirieren.\",\"breadcrumb\":{\"@id\":\"https:\\\/\\\/gastroservice-werner.de\\\/index.php\\\/bildergalerie\\\/#breadcrumb\"},\"inLanguage\":\"de\",\"potentialAction\":[{\"@type\":\"ReadAction\",\"target\":[\"https:\\\/\\\/gastroservice-werner.de\\\/index.php\\\/bildergalerie\\\/\"]}]},{\"@type\":\"ImageObject\",\"inLanguage\":\"de\",\"@id\":\"https:\\\/\\\/gastroservice-werner.de\\\/index.php\\\/bildergalerie\\\/#primaryimage\",\"url\":\"https:\\\/\\\/gastroservice-werner.de\\\/wp-content\\\/uploads\\\/2018\\\/01\\\/Bild-001.jpg\",\"contentUrl\":\"https:\\\/\\\/gastroservice-werner.de\\\/wp-content\\\/uploads\\\/2018\\\/01\\\/Bild-001.jpg\",\"width\":2552,\"height\":2276},{\"@type\":\"BreadcrumbList\",\"@id\":\"https:\\\/\\\/gastroservice-werner.de\\\/index.php\\\/bildergalerie\\\/#breadcrumb\",\"itemListElement\":[{\"@type\":\"ListItem\",\"position\":1,\"name\":\"Home\",\"item\":\"https:\\\/\\\/gastroservice-werner.de\\\/\"},{\"@type\":\"ListItem\",\"position\":2,\"name\":\"Bildergalerie\"}]},{\"@type\":\"WebSite\",\"@id\":\"https:\\\/\\\/gastroservice-werner.de\\\/#website\",\"url\":\"https:\\\/\\\/gastroservice-werner.de\\\/\",\"name\":\"Gastroservice Werner\",\"description\":\"Gastroservice Werner\",\"publisher\":{\"@id\":\"https:\\\/\\\/gastroservice-werner.de\\\/#organization\"},\"potentialAction\":[{\"@type\":\"SearchAction\",\"target\":{\"@type\":\"EntryPoint\",\"urlTemplate\":\"https:\\\/\\\/gastroservice-werner.de\\\/?s={search_term_string}\"},\"query-input\":{\"@type\":\"PropertyValueSpecification\",\"valueRequired\":true,\"valueName\":\"search_term_string\"}}],\"inLanguage\":\"de\"},{\"@type\":\"Organization\",\"@id\":\"https:\\\/\\\/gastroservice-werner.de\\\/#organization\",\"name\":\"Gastroservice Werner\",\"url\":\"https:\\\/\\\/gastroservice-werner.de\\\/\",\"logo\":{\"@type\":\"ImageObject\",\"inLanguage\":\"de\",\"@id\":\"https:\\\/\\\/gastroservice-werner.de\\\/#\\\/schema\\\/logo\\\/image\\\/\",\"url\":\"https:\\\/\\\/gastroservice-werner.de\\\/wp-content\\\/uploads\\\/2021\\\/12\\\/Gastroservice_Werner_Logo_4c.png\",\"contentUrl\":\"https:\\\/\\\/gastroservice-werner.de\\\/wp-content\\\/uploads\\\/2021\\\/12\\\/Gastroservice_Werner_Logo_4c.png\",\"width\":612,\"height\":907,\"caption\":\"Gastroservice Werner\"},\"image\":{\"@id\":\"https:\\\/\\\/gastroservice-werner.de\\\/#\\\/schema\\\/logo\\\/image\\\/\"}}]}<\/script>\n<!-- \/ Yoast SEO plugin. -->","yoast_head_json":{"title":"Bildergalerie - Gastroservice Werner","description":"M\u00f6chten Sie sich erst einmal umschauen? Dann sehen sie hier aktuelle Bilder von unseren Events. Genie\u00dfen und lassen Sie sich inspirieren.","robots":{"index":"index","follow":"follow","max-snippet":"max-snippet:-1","max-image-preview":"max-image-preview:large","max-video-preview":"max-video-preview:-1"},"canonical":"https:\/\/gastroservice-werner.de\/index.php\/bildergalerie\/","og_locale":"de_DE","og_type":"article","og_title":"Bildergalerie - Gastroservice Werner","og_description":"M\u00f6chten Sie sich erst einmal umschauen? Dann sehen sie hier aktuelle Bilder von unseren Events. Genie\u00dfen und lassen Sie sich inspirieren.","og_url":"https:\/\/gastroservice-werner.de\/index.php\/bildergalerie\/","og_site_name":"Gastroservice Werner","article_modified_time":"2022-01-03T18:03:05+00:00","og_image":[{"width":2552,"height":2276,"url":"https:\/\/gastroservice-werner.de\/wp-content\/uploads\/2018\/01\/Bild-001.jpg","type":"image\/jpeg"}],"twitter_card":"summary_large_image","twitter_misc":{"Gesch\u00e4tzte Lesezeit":"13\u00a0Minuten"},"schema":{"@context":"https:\/\/schema.org","@graph":[{"@type":"WebPage","@id":"https:\/\/gastroservice-werner.de\/index.php\/bildergalerie\/","url":"https:\/\/gastroservice-werner.de\/index.php\/bildergalerie\/","name":"Bildergalerie - Gastroservice Werner","isPartOf":{"@id":"https:\/\/gastroservice-werner.de\/#website"},"primaryImageOfPage":{"@id":"https:\/\/gastroservice-werner.de\/index.php\/bildergalerie\/#primaryimage"},"image":{"@id":"https:\/\/gastroservice-werner.de\/index.php\/bildergalerie\/#primaryimage"},"thumbnailUrl":"https:\/\/gastroservice-werner.de\/wp-content\/uploads\/2018\/01\/Bild-001.jpg","datePublished":"2021-12-08T13:46:31+00:00","dateModified":"2022-01-03T18:03:05+00:00","description":"M\u00f6chten Sie sich erst einmal umschauen? Dann sehen sie hier aktuelle Bilder von unseren Events. Genie\u00dfen und lassen Sie sich inspirieren.","breadcrumb":{"@id":"https:\/\/gastroservice-werner.de\/index.php\/bildergalerie\/#breadcrumb"},"inLanguage":"de","potentialAction":[{"@type":"ReadAction","target":["https:\/\/gastroservice-werner.de\/index.php\/bildergalerie\/"]}]},{"@type":"ImageObject","inLanguage":"de","@id":"https:\/\/gastroservice-werner.de\/index.php\/bildergalerie\/#primaryimage","url":"https:\/\/gastroservice-werner.de\/wp-content\/uploads\/2018\/01\/Bild-001.jpg","contentUrl":"https:\/\/gastroservice-werner.de\/wp-content\/uploads\/2018\/01\/Bild-001.jpg","width":2552,"height":2276},{"@type":"BreadcrumbList","@id":"https:\/\/gastroservice-werner.de\/index.php\/bildergalerie\/#breadcrumb","itemListElement":[{"@type":"ListItem","position":1,"name":"Home","item":"https:\/\/gastroservice-werner.de\/"},{"@type":"ListItem","position":2,"name":"Bildergalerie"}]},{"@type":"WebSite","@id":"https:\/\/gastroservice-werner.de\/#website","url":"https:\/\/gastroservice-werner.de\/","name":"Gastroservice Werner","description":"Gastroservice Werner","publisher":{"@id":"https:\/\/gastroservice-werner.de\/#organization"},"potentialAction":[{"@type":"SearchAction","target":{"@type":"EntryPoint","urlTemplate":"https:\/\/gastroservice-werner.de\/?s={search_term_string}"},"query-input":{"@type":"PropertyValueSpecification","valueRequired":true,"valueName":"search_term_string"}}],"inLanguage":"de"},{"@type":"Organization","@id":"https:\/\/gastroservice-werner.de\/#organization","name":"Gastroservice Werner","url":"https:\/\/gastroservice-werner.de\/","logo":{"@type":"ImageObject","inLanguage":"de","@id":"https:\/\/gastroservice-werner.de\/#\/schema\/logo\/image\/","url":"https:\/\/gastroservice-werner.de\/wp-content\/uploads\/2021\/12\/Gastroservice_Werner_Logo_4c.png","contentUrl":"https:\/\/gastroservice-werner.de\/wp-content\/uploads\/2021\/12\/Gastroservice_Werner_Logo_4c.png","width":612,"height":907,"caption":"Gastroservice Werner"},"image":{"@id":"https:\/\/gastroservice-werner.de\/#\/schema\/logo\/image\/"}}]}},"_links":{"self":[{"href":"https:\/\/gastroservice-werner.de\/index.php\/wp-json\/wp\/v2\/pages\/252","targetHints":{"allow":["GET"]}}],"collection":[{"href":"https:\/\/gastroservice-werner.de\/index.php\/wp-json\/wp\/v2\/pages"}],"about":[{"href":"https:\/\/gastroservice-werner.de\/index.php\/wp-json\/wp\/v2\/types\/page"}],"author":[{"embeddable":true,"href":"https:\/\/gastroservice-werner.de\/index.php\/wp-json\/wp\/v2\/users\/1"}],"replies":[{"embeddable":true,"href":"https:\/\/gastroservice-werner.de\/index.php\/wp-json\/wp\/v2\/comments?post=252"}],"version-history":[{"count":9,"href":"https:\/\/gastroservice-werner.de\/index.php\/wp-json\/wp\/v2\/pages\/252\/revisions"}],"predecessor-version":[{"id":478,"href":"https:\/\/gastroservice-werner.de\/index.php\/wp-json\/wp\/v2\/pages\/252\/revisions\/478"}],"wp:featuredmedia":[{"embeddable":true,"href":"https:\/\/gastroservice-werner.de\/index.php\/wp-json\/wp\/v2\/media\/94"}],"wp:attachment":[{"href":"https:\/\/gastroservice-werner.de\/index.php\/wp-json\/wp\/v2\/media?parent=252"}],"curies":[{"name":"wp","href":"https:\/\/api.w.org\/{rel}","templated":true}]}}